{"id":865,"date":"2022-05-10T07:48:52","date_gmt":"2022-05-10T07:48:52","guid":{"rendered":"https:\/\/demosites.royal-elementor-addons.com\/pet-care-v1\/?page_id=10"},"modified":"2026-04-21T13:40:55","modified_gmt":"2026-04-21T13:40:55","slug":"actividades","status":"publish","type":"page","link":"https:\/\/corazonexsolidarios.com\/index.php\/actividades\/","title":{"rendered":"Actividades"},"content":{"rendered":"\t\t<div data-elementor-type=\"wp-page\" data-elementor-id=\"865\" class=\"elementor elementor-865\">\n\t\t\t\t<div class=\"elementor-element elementor-element-2f174d6 e-con-full e-flex wpr-particle-no wpr-jarallax-no wpr-parallax-no wpr-sticky-section-no wpr-equal-height-no e-con e-parent\" data-id=\"2f174d6\" data-element_type=\"container\" data-e-type=\"container\" data-settings=\"{&quot;background_background&quot;:&quot;classic&quot;,&quot;position&quot;:&quot;fixed&quot;}\">\n\t\t\t\t<div class=\"elementor-element elementor-element-118ccc0 elementor-widget elementor-widget-spacer\" data-id=\"118ccc0\" data-element_type=\"widget\" data-e-type=\"widget\" data-widget_type=\"spacer.default\">\n\t\t\t\t<div class=\"elementor-widget-container\">\n\t\t\t\t\t\t\t<div class=\"elementor-spacer\">\n\t\t\t<div class=\"elementor-spacer-inner\"><\/div>\n\t\t<\/div>\n\t\t\t\t\t\t<\/div>\n\t\t\t\t<\/div>\n\t\t\t\t<\/div>\n\t\t<div class=\"elementor-element elementor-element-3f49e5a e-flex e-con-boxed wpr-particle-no wpr-jarallax-no wpr-parallax-no wpr-sticky-section-no wpr-equal-height-no e-con e-parent\" data-id=\"3f49e5a\" data-element_type=\"container\" data-e-type=\"container\" data-settings=\"{&quot;background_background&quot;:&quot;classic&quot;}\">\n\t\t\t\t\t<div class=\"e-con-inner\">\n\t\t\t\t<div class=\"elementor-element elementor-element-f58ca14 elementor-widget elementor-widget-heading\" data-id=\"f58ca14\" data-element_type=\"widget\" data-e-type=\"widget\" data-widget_type=\"heading.default\">\n\t\t\t\t<div class=\"elementor-widget-container\">\n\t\t\t\t\t<h2 class=\"elementor-heading-title elementor-size-default\">Te contamos nuestras \u00faltimas actividades...<\/h2>\t\t\t\t<\/div>\n\t\t\t\t<\/div>\n\t\t\t\t<div class=\"elementor-element elementor-element-5c80b80 elementor-grid-eael-col-3 elementor-grid-tablet-eael-col-2 elementor-grid-mobile-eael-col-1 elementor-widget elementor-widget-eael-post-grid\" data-id=\"5c80b80\" data-element_type=\"widget\" data-e-type=\"widget\" data-settings=\"{&quot;eael_post_grid_columns&quot;:&quot;eael-col-3&quot;,&quot;eael_post_grid_columns_tablet&quot;:&quot;eael-col-2&quot;,&quot;eael_post_grid_columns_mobile&quot;:&quot;eael-col-1&quot;}\" data-widget_type=\"eael-post-grid.default\">\n\t\t\t\t<div class=\"elementor-widget-container\">\n\t\t\t\t\t<div id=\"eael-post-grid-5c80b80\" class=\"eael-post-grid-container\">\n            <div class=\"eael-post-grid eael-post-appender eael-post-appender-5c80b80 eael-post-grid-style-two\" data-layout-mode=\"grid\"><article class=\"eael-grid-post  eael-post-grid-column eael-pg-post-2606 category-noticias tags-noticia-proyecto\" data-id=\"2606\">\n    <div class=\"eael-grid-post-holder\">\n        <div class=\"eael-grid-post-holder-inner\"><div class=\"eael-entry-media\"><div class=\"eael-entry-overlay fade-in\"><i class=\"fas fa-long-arrow-alt-right\" aria-hidden=\"true\"><\/i><a href=\"https:\/\/corazonexsolidarios.com\/index.php\/2026\/04\/21\/recogida-articulos-bebe-badajoz-corazonex-solidarios\/\"><\/a><\/div><div class=\"eael-entry-thumbnail \">\n                            <img fetchpriority=\"high\" decoding=\"async\" width=\"800\" height=\"400\" src=\"https:\/\/corazonexsolidarios.com\/wp-content\/uploads\/2026\/04\/Sin-titulo-3.jpg\" class=\"attachment-full size-full wp-image-2608\" alt=\"\" srcset=\"https:\/\/corazonexsolidarios.com\/wp-content\/uploads\/2026\/04\/Sin-titulo-3.jpg 800w, https:\/\/corazonexsolidarios.com\/wp-content\/uploads\/2026\/04\/Sin-titulo-3-300x150.jpg 300w, https:\/\/corazonexsolidarios.com\/wp-content\/uploads\/2026\/04\/Sin-titulo-3-768x384.jpg 768w, https:\/\/corazonexsolidarios.com\/wp-content\/uploads\/2026\/04\/Sin-titulo-3-600x300.jpg 600w\" sizes=\"(max-width: 800px) 100vw, 800px\" \/>\n                            <\/div>\n                    <\/div><div class=\"eael-entry-wrapper\"><header class=\"eael-entry-header\"><h2 class=\"eael-entry-title\"><a class=\"eael-grid-post-link\" href=\"https:\/\/corazonexsolidarios.com\/index.php\/2026\/04\/21\/recogida-articulos-bebe-badajoz-corazonex-solidarios\/\" title=\"Recogida permanente de art\u00edculos de beb\u00e9 en Badajoz: ayuda a quienes m\u00e1s lo necesitan\">Recogida permanente de art\u00edculos de beb\u00e9 en Badajoz: ayuda a quienes m\u00e1s lo necesitan<\/a><\/h2><\/header><div class=\"eael-entry-content\">\n                                <div class=\"eael-grid-post-excerpt\"><p>Hay beb\u00e9s que llegan al mundo sin una cuna donde...<\/p><a href=\"https:\/\/corazonexsolidarios.com\/index.php\/2026\/04\/21\/recogida-articulos-bebe-badajoz-corazonex-solidarios\/\" class=\"eael-post-elements-readmore-btn\">Leer m\u00e1s<\/a><\/div>\n                            <\/div><\/div><\/div>\n    <\/div>\n<\/article><article class=\"eael-grid-post  eael-post-grid-column eael-pg-post-2601 category-noticias tags-noticia\" data-id=\"2601\">\n    <div class=\"eael-grid-post-holder\">\n        <div class=\"eael-grid-post-holder-inner\"><div class=\"eael-entry-media\"><div class=\"eael-entry-overlay fade-in\"><i class=\"fas fa-long-arrow-alt-right\" aria-hidden=\"true\"><\/i><a href=\"https:\/\/corazonexsolidarios.com\/index.php\/2026\/04\/20\/x-carrera-solidaria-claustro-barrio-badajoz-corazonex\/\"><\/a><\/div><div class=\"eael-entry-thumbnail \">\n                            <img decoding=\"async\" width=\"800\" height=\"400\" data-src=\"https:\/\/corazonexsolidarios.com\/wp-content\/uploads\/2026\/04\/claustro_barrio_26.jpg\" class=\"attachment-full size-full wp-image-2603 lazyload\" alt=\"\" data-srcset=\"https:\/\/corazonexsolidarios.com\/wp-content\/uploads\/2026\/04\/claustro_barrio_26.jpg 800w, https:\/\/corazonexsolidarios.com\/wp-content\/uploads\/2026\/04\/claustro_barrio_26-300x150.jpg 300w, https:\/\/corazonexsolidarios.com\/wp-content\/uploads\/2026\/04\/claustro_barrio_26-768x384.jpg 768w, https:\/\/corazonexsolidarios.com\/wp-content\/uploads\/2026\/04\/claustro_barrio_26-600x300.jpg 600w\" data-sizes=\"(max-width: 800px) 100vw, 800px\" src=\"data:image\/svg+xml;base64,PHN2ZyB3aWR0aD0iMSIgaGVpZ2h0PSIxIiB4bWxucz0iaHR0cDovL3d3dy53My5vcmcvMjAwMC9zdmciPjwvc3ZnPg==\" style=\"--smush-placeholder-width: 800px; --smush-placeholder-aspect-ratio: 800\/400;\" \/>\n                            <\/div>\n                    <\/div><div class=\"eael-entry-wrapper\"><header class=\"eael-entry-header\"><h2 class=\"eael-entry-title\"><a class=\"eael-grid-post-link\" href=\"https:\/\/corazonexsolidarios.com\/index.php\/2026\/04\/20\/x-carrera-solidaria-claustro-barrio-badajoz-corazonex\/\" title=\"700 alumnos de Badajoz corren juntos en su X carrera solidaria para apoyar a CorazonEx Solidarios\">700 alumnos de Badajoz corren juntos en su X carrera solidaria para apoyar a CorazonEx Solidarios<\/a><\/h2><\/header><div class=\"eael-entry-content\">\n                                <div class=\"eael-grid-post-excerpt\"><p>El pasado 17 de abril, el barrio de San Roque...<\/p><a href=\"https:\/\/corazonexsolidarios.com\/index.php\/2026\/04\/20\/x-carrera-solidaria-claustro-barrio-badajoz-corazonex\/\" class=\"eael-post-elements-readmore-btn\">Leer m\u00e1s<\/a><\/div>\n                            <\/div><\/div><\/div>\n    <\/div>\n<\/article><article class=\"eael-grid-post  eael-post-grid-column eael-pg-post-2524 category-uncategorized\" data-id=\"2524\">\n    <div class=\"eael-grid-post-holder\">\n        <div class=\"eael-grid-post-holder-inner\"><div class=\"eael-entry-media\"><div class=\"eael-entry-overlay fade-in\"><i class=\"fas fa-long-arrow-alt-right\" aria-hidden=\"true\"><\/i><a href=\"https:\/\/corazonexsolidarios.com\/index.php\/2026\/03\/05\/corazonex-noche-tercer-sector-extremadura-gracias-diario-hoy\/\"><\/a><\/div><div class=\"eael-entry-thumbnail \">\n                            <img decoding=\"async\" width=\"800\" height=\"400\" data-src=\"https:\/\/corazonexsolidarios.com\/wp-content\/uploads\/2026\/03\/IMG_0592.png\" class=\"attachment-full size-full wp-image-2527 lazyload\" alt=\"\" data-srcset=\"https:\/\/corazonexsolidarios.com\/wp-content\/uploads\/2026\/03\/IMG_0592.png 800w, https:\/\/corazonexsolidarios.com\/wp-content\/uploads\/2026\/03\/IMG_0592-300x150.png 300w, https:\/\/corazonexsolidarios.com\/wp-content\/uploads\/2026\/03\/IMG_0592-768x384.png 768w, https:\/\/corazonexsolidarios.com\/wp-content\/uploads\/2026\/03\/IMG_0592-600x300.png 600w\" data-sizes=\"(max-width: 800px) 100vw, 800px\" src=\"data:image\/svg+xml;base64,PHN2ZyB3aWR0aD0iMSIgaGVpZ2h0PSIxIiB4bWxucz0iaHR0cDovL3d3dy53My5vcmcvMjAwMC9zdmciPjwvc3ZnPg==\" style=\"--smush-placeholder-width: 800px; --smush-placeholder-aspect-ratio: 800\/400;\" \/>\n                            <\/div>\n                    <\/div><div class=\"eael-entry-wrapper\"><header class=\"eael-entry-header\"><h2 class=\"eael-entry-title\"><a class=\"eael-grid-post-link\" href=\"https:\/\/corazonexsolidarios.com\/index.php\/2026\/03\/05\/corazonex-noche-tercer-sector-extremadura-gracias-diario-hoy\/\" title=\"CorazonEx Solidarios en una noche dedicada al tercer sector en Extremadura: gracias al Diario HOY por invitarnos\">CorazonEx Solidarios en una noche dedicada al tercer sector en Extremadura: gracias al Diario HOY por invitarnos<\/a><\/h2><\/header><div class=\"eael-entry-content\">\n                                <div class=\"eael-grid-post-excerpt\"><p>El pasado 3 de marzo asistimos en Badajoz a una...<\/p><a href=\"https:\/\/corazonexsolidarios.com\/index.php\/2026\/03\/05\/corazonex-noche-tercer-sector-extremadura-gracias-diario-hoy\/\" class=\"eael-post-elements-readmore-btn\">Leer m\u00e1s<\/a><\/div>\n                            <\/div><\/div><\/div>\n    <\/div>\n<\/article><article class=\"eael-grid-post  eael-post-grid-column eael-pg-post-2499 category-noticias-proyectos-solidarios tags-noticia\" data-id=\"2499\">\n    <div class=\"eael-grid-post-holder\">\n        <div class=\"eael-grid-post-holder-inner\"><div class=\"eael-entry-media\"><div class=\"eael-entry-overlay fade-in\"><i class=\"fas fa-long-arrow-alt-right\" aria-hidden=\"true\"><\/i><a href=\"https:\/\/corazonexsolidarios.com\/index.php\/2026\/02\/24\/inauguracion-escuela-futbol-fundacion-atletico-madrid-badajoz-2026\/\"><\/a><\/div><div class=\"eael-entry-thumbnail \">\n                            <img decoding=\"async\" width=\"800\" height=\"400\" data-src=\"https:\/\/corazonexsolidarios.com\/wp-content\/uploads\/2026\/02\/blog-inauguracion-escuela-futbol-fundacion-atletico-madrid-badajoz-2026.jpg\" class=\"attachment-full size-full wp-image-2500 lazyload\" alt=\"blog-inauguracion-escuela-futbol-fundacion-atletico-madrid-badajoz-2026\" data-srcset=\"https:\/\/corazonexsolidarios.com\/wp-content\/uploads\/2026\/02\/blog-inauguracion-escuela-futbol-fundacion-atletico-madrid-badajoz-2026.jpg 800w, https:\/\/corazonexsolidarios.com\/wp-content\/uploads\/2026\/02\/blog-inauguracion-escuela-futbol-fundacion-atletico-madrid-badajoz-2026-300x150.jpg 300w, https:\/\/corazonexsolidarios.com\/wp-content\/uploads\/2026\/02\/blog-inauguracion-escuela-futbol-fundacion-atletico-madrid-badajoz-2026-768x384.jpg 768w, https:\/\/corazonexsolidarios.com\/wp-content\/uploads\/2026\/02\/blog-inauguracion-escuela-futbol-fundacion-atletico-madrid-badajoz-2026-600x300.jpg 600w\" data-sizes=\"(max-width: 800px) 100vw, 800px\" src=\"data:image\/svg+xml;base64,PHN2ZyB3aWR0aD0iMSIgaGVpZ2h0PSIxIiB4bWxucz0iaHR0cDovL3d3dy53My5vcmcvMjAwMC9zdmciPjwvc3ZnPg==\" style=\"--smush-placeholder-width: 800px; --smush-placeholder-aspect-ratio: 800\/400;\" \/>\n                            <\/div>\n                    <\/div><div class=\"eael-entry-wrapper\"><header class=\"eael-entry-header\"><h2 class=\"eael-entry-title\"><a class=\"eael-grid-post-link\" href=\"https:\/\/corazonexsolidarios.com\/index.php\/2026\/02\/24\/inauguracion-escuela-futbol-fundacion-atletico-madrid-badajoz-2026\/\" title=\"Inauguraci\u00f3n de la Escuela de F\u00fatbol de la Fundaci\u00f3n Atl\u00e9tico de Madrid en Badajoz\">Inauguraci\u00f3n de la Escuela de F\u00fatbol de la Fundaci\u00f3n Atl\u00e9tico de Madrid en Badajoz<\/a><\/h2><\/header><div class=\"eael-entry-content\">\n                                <div class=\"eael-grid-post-excerpt\"><p>El 23 de febrero de 2026, a las 17:00h, en...<\/p><a href=\"https:\/\/corazonexsolidarios.com\/index.php\/2026\/02\/24\/inauguracion-escuela-futbol-fundacion-atletico-madrid-badajoz-2026\/\" class=\"eael-post-elements-readmore-btn\">Leer m\u00e1s<\/a><\/div>\n                            <\/div><\/div><\/div>\n    <\/div>\n<\/article><article class=\"eael-grid-post  eael-post-grid-column eael-pg-post-2269 category-actividades-noticias tags-noticia\" data-id=\"2269\">\n    <div class=\"eael-grid-post-holder\">\n        <div class=\"eael-grid-post-holder-inner\"><div class=\"eael-entry-media\"><div class=\"eael-entry-overlay fade-in\"><i class=\"fas fa-long-arrow-alt-right\" aria-hidden=\"true\"><\/i><a href=\"https:\/\/corazonexsolidarios.com\/index.php\/2025\/06\/18\/ii-encuentro-de-empresas-con-corazon-solidario\/\"><\/a><\/div><div class=\"eael-entry-thumbnail \">\n                            <img decoding=\"async\" width=\"800\" height=\"400\" data-src=\"https:\/\/corazonexsolidarios.com\/wp-content\/uploads\/2025\/06\/Encuentro-Empresas-Solidarias.png\" class=\"attachment-full size-full wp-image-2270 lazyload\" alt=\"Imagen del evento de empresas con coraz\u00f3n solidario\" data-srcset=\"https:\/\/corazonexsolidarios.com\/wp-content\/uploads\/2025\/06\/Encuentro-Empresas-Solidarias.png 800w, https:\/\/corazonexsolidarios.com\/wp-content\/uploads\/2025\/06\/Encuentro-Empresas-Solidarias-300x150.png 300w, https:\/\/corazonexsolidarios.com\/wp-content\/uploads\/2025\/06\/Encuentro-Empresas-Solidarias-768x384.png 768w, https:\/\/corazonexsolidarios.com\/wp-content\/uploads\/2025\/06\/Encuentro-Empresas-Solidarias-600x300.png 600w\" data-sizes=\"(max-width: 800px) 100vw, 800px\" src=\"data:image\/svg+xml;base64,PHN2ZyB3aWR0aD0iMSIgaGVpZ2h0PSIxIiB4bWxucz0iaHR0cDovL3d3dy53My5vcmcvMjAwMC9zdmciPjwvc3ZnPg==\" style=\"--smush-placeholder-width: 800px; --smush-placeholder-aspect-ratio: 800\/400;\" \/>\n                            <\/div>\n                    <\/div><div class=\"eael-entry-wrapper\"><header class=\"eael-entry-header\"><h2 class=\"eael-entry-title\"><a class=\"eael-grid-post-link\" href=\"https:\/\/corazonexsolidarios.com\/index.php\/2025\/06\/18\/ii-encuentro-de-empresas-con-corazon-solidario\/\" title=\"II Encuentro de Empresas con Coraz\u00f3n Solidario\">II Encuentro de Empresas con Coraz\u00f3n Solidario<\/a><\/h2><\/header><div class=\"eael-entry-content\">\n                                <div class=\"eael-grid-post-excerpt\"><p>El pasado 10 de junio vivimos una noche m\u00e1gica en...<\/p><a href=\"https:\/\/corazonexsolidarios.com\/index.php\/2025\/06\/18\/ii-encuentro-de-empresas-con-corazon-solidario\/\" class=\"eael-post-elements-readmore-btn\">Leer m\u00e1s<\/a><\/div>\n                            <\/div><\/div><\/div>\n    <\/div>\n<\/article><article class=\"eael-grid-post  eael-post-grid-column eael-pg-post-2547 category-actividades tags-actividad\" data-id=\"2547\">\n    <div class=\"eael-grid-post-holder\">\n        <div class=\"eael-grid-post-holder-inner\"><div class=\"eael-entry-media\"><div class=\"eael-entry-overlay fade-in\"><i class=\"fas fa-long-arrow-alt-right\" aria-hidden=\"true\"><\/i><a href=\"https:\/\/corazonexsolidarios.com\/index.php\/2025\/06\/16\/campamento-solidario-salorino-2025-fundacion-la-caixa\/\"><\/a><\/div><div class=\"eael-entry-thumbnail \">\n                            <img decoding=\"async\" width=\"800\" height=\"400\" data-src=\"https:\/\/corazonexsolidarios.com\/wp-content\/uploads\/2026\/03\/campamento_2025.jpg\" class=\"attachment-full size-full wp-image-2548 lazyload\" alt=\"Campamento CorazonEx Solidarios 2025\" data-srcset=\"https:\/\/corazonexsolidarios.com\/wp-content\/uploads\/2026\/03\/campamento_2025.jpg 800w, https:\/\/corazonexsolidarios.com\/wp-content\/uploads\/2026\/03\/campamento_2025-300x150.jpg 300w, https:\/\/corazonexsolidarios.com\/wp-content\/uploads\/2026\/03\/campamento_2025-768x384.jpg 768w, https:\/\/corazonexsolidarios.com\/wp-content\/uploads\/2026\/03\/campamento_2025-600x300.jpg 600w\" data-sizes=\"(max-width: 800px) 100vw, 800px\" src=\"data:image\/svg+xml;base64,PHN2ZyB3aWR0aD0iMSIgaGVpZ2h0PSIxIiB4bWxucz0iaHR0cDovL3d3dy53My5vcmcvMjAwMC9zdmciPjwvc3ZnPg==\" style=\"--smush-placeholder-width: 800px; --smush-placeholder-aspect-ratio: 800\/400;\" \/>\n                            <\/div>\n                    <\/div><div class=\"eael-entry-wrapper\"><header class=\"eael-entry-header\"><h2 class=\"eael-entry-title\"><a class=\"eael-grid-post-link\" href=\"https:\/\/corazonexsolidarios.com\/index.php\/2025\/06\/16\/campamento-solidario-salorino-2025-fundacion-la-caixa\/\" title=\"Campamento solidario en Salorino (2025) con Fundaci\u00f3n \u201cla Caixa\u201d: piscina, cine de verano y crucero por el Tajo\">Campamento solidario en Salorino (2025) con Fundaci\u00f3n \u201cla Caixa\u201d: piscina, cine de verano y crucero por el Tajo<\/a><\/h2><\/header><div class=\"eael-entry-content\">\n                                <div class=\"eael-grid-post-excerpt\"><p>El 14 de junio de 2025 organizamos un campamento solidario...<\/p><a href=\"https:\/\/corazonexsolidarios.com\/index.php\/2025\/06\/16\/campamento-solidario-salorino-2025-fundacion-la-caixa\/\" class=\"eael-post-elements-readmore-btn\">Leer m\u00e1s<\/a><\/div>\n                            <\/div><\/div><\/div>\n    <\/div>\n<\/article><article class=\"eael-grid-post  eael-post-grid-column eael-pg-post-2264 category-noticias tags-noticia\" data-id=\"2264\">\n    <div class=\"eael-grid-post-holder\">\n        <div class=\"eael-grid-post-holder-inner\"><div class=\"eael-entry-media\"><div class=\"eael-entry-overlay fade-in\"><i class=\"fas fa-long-arrow-alt-right\" aria-hidden=\"true\"><\/i><a href=\"https:\/\/corazonexsolidarios.com\/index.php\/2025\/06\/12\/clausura-de-la-temporada-2024-2025-de-la-escuela-de-futbol-de-la-fundacion-atletico-de-madrid-en-badajoz\/\"><\/a><\/div><div class=\"eael-entry-thumbnail \">\n                            <img decoding=\"async\" width=\"800\" height=\"400\" data-src=\"https:\/\/corazonexsolidarios.com\/wp-content\/uploads\/2025\/06\/Foto-800x400-1.jpg\" class=\"attachment-full size-full wp-image-2266 lazyload\" alt=\"\" data-srcset=\"https:\/\/corazonexsolidarios.com\/wp-content\/uploads\/2025\/06\/Foto-800x400-1.jpg 800w, https:\/\/corazonexsolidarios.com\/wp-content\/uploads\/2025\/06\/Foto-800x400-1-300x150.jpg 300w, https:\/\/corazonexsolidarios.com\/wp-content\/uploads\/2025\/06\/Foto-800x400-1-768x384.jpg 768w, https:\/\/corazonexsolidarios.com\/wp-content\/uploads\/2025\/06\/Foto-800x400-1-600x300.jpg 600w\" data-sizes=\"(max-width: 800px) 100vw, 800px\" src=\"data:image\/svg+xml;base64,PHN2ZyB3aWR0aD0iMSIgaGVpZ2h0PSIxIiB4bWxucz0iaHR0cDovL3d3dy53My5vcmcvMjAwMC9zdmciPjwvc3ZnPg==\" style=\"--smush-placeholder-width: 800px; --smush-placeholder-aspect-ratio: 800\/400;\" \/>\n                            <\/div>\n                    <\/div><div class=\"eael-entry-wrapper\"><header class=\"eael-entry-header\"><h2 class=\"eael-entry-title\"><a class=\"eael-grid-post-link\" href=\"https:\/\/corazonexsolidarios.com\/index.php\/2025\/06\/12\/clausura-de-la-temporada-2024-2025-de-la-escuela-de-futbol-de-la-fundacion-atletico-de-madrid-en-badajoz\/\" title=\"Clausura de la temporada 2024-2025 de la Escuela de F\u00fatbol de la Fundaci\u00f3n Atl\u00e9tico de Madrid en Badajoz\">Clausura de la temporada 2024-2025 de la Escuela de F\u00fatbol de la Fundaci\u00f3n Atl\u00e9tico de Madrid en Badajoz<\/a><\/h2><\/header><div class=\"eael-entry-content\">\n                                <div class=\"eael-grid-post-excerpt\"><p>El pasado 4 de junio de 2025 tuvo lugar, en...<\/p><a href=\"https:\/\/corazonexsolidarios.com\/index.php\/2025\/06\/12\/clausura-de-la-temporada-2024-2025-de-la-escuela-de-futbol-de-la-fundacion-atletico-de-madrid-en-badajoz\/\" class=\"eael-post-elements-readmore-btn\">Leer m\u00e1s<\/a><\/div>\n                            <\/div><\/div><\/div>\n    <\/div>\n<\/article><article class=\"eael-grid-post  eael-post-grid-column eael-pg-post-2135 category-noticias tags-noticia\" data-id=\"2135\">\n    <div class=\"eael-grid-post-holder\">\n        <div class=\"eael-grid-post-holder-inner\"><div class=\"eael-entry-media\"><div class=\"eael-entry-overlay fade-in\"><i class=\"fas fa-long-arrow-alt-right\" aria-hidden=\"true\"><\/i><a href=\"https:\/\/corazonexsolidarios.com\/index.php\/2025\/03\/05\/aficionados-a-los-calibres-pequenos-se-unen-por-una-causa-solidaria-en-caceres\/\"><\/a><\/div><div class=\"eael-entry-thumbnail \">\n                            <img decoding=\"async\" width=\"800\" height=\"400\" data-src=\"https:\/\/corazonexsolidarios.com\/wp-content\/uploads\/2025\/03\/Imagen-de-WhatsApp-2025-03-05-a-las-10.03.41_a98c54f1-e1741174407518.jpg\" class=\"attachment-full size-full wp-image-2136 lazyload\" alt=\"\" data-srcset=\"https:\/\/corazonexsolidarios.com\/wp-content\/uploads\/2025\/03\/Imagen-de-WhatsApp-2025-03-05-a-las-10.03.41_a98c54f1-e1741174407518.jpg 800w, https:\/\/corazonexsolidarios.com\/wp-content\/uploads\/2025\/03\/Imagen-de-WhatsApp-2025-03-05-a-las-10.03.41_a98c54f1-e1741174407518-300x150.jpg 300w, https:\/\/corazonexsolidarios.com\/wp-content\/uploads\/2025\/03\/Imagen-de-WhatsApp-2025-03-05-a-las-10.03.41_a98c54f1-e1741174407518-768x384.jpg 768w, https:\/\/corazonexsolidarios.com\/wp-content\/uploads\/2025\/03\/Imagen-de-WhatsApp-2025-03-05-a-las-10.03.41_a98c54f1-e1741174407518-600x300.jpg 600w\" data-sizes=\"(max-width: 800px) 100vw, 800px\" src=\"data:image\/svg+xml;base64,PHN2ZyB3aWR0aD0iMSIgaGVpZ2h0PSIxIiB4bWxucz0iaHR0cDovL3d3dy53My5vcmcvMjAwMC9zdmciPjwvc3ZnPg==\" style=\"--smush-placeholder-width: 800px; --smush-placeholder-aspect-ratio: 800\/400;\" \/>\n                            <\/div>\n                    <\/div><div class=\"eael-entry-wrapper\"><header class=\"eael-entry-header\"><h2 class=\"eael-entry-title\"><a class=\"eael-grid-post-link\" href=\"https:\/\/corazonexsolidarios.com\/index.php\/2025\/03\/05\/aficionados-a-los-calibres-pequenos-se-unen-por-una-causa-solidaria-en-caceres\/\" title=\"Encuentro por una causa solidaria en C\u00e1ceres\">Encuentro por una causa solidaria en C\u00e1ceres<\/a><\/h2><\/header><div class=\"eael-entry-content\">\n                                <div class=\"eael-grid-post-excerpt\"><p>El pasado 1 y 2 de marzo, la localidad cacere\u00f1a...<\/p><a href=\"https:\/\/corazonexsolidarios.com\/index.php\/2025\/03\/05\/aficionados-a-los-calibres-pequenos-se-unen-por-una-causa-solidaria-en-caceres\/\" class=\"eael-post-elements-readmore-btn\">Leer m\u00e1s<\/a><\/div>\n                            <\/div><\/div><\/div>\n    <\/div>\n<\/article><article class=\"eael-grid-post  eael-post-grid-column eael-pg-post-2130 category-noticias tags-noticia\" data-id=\"2130\">\n    <div class=\"eael-grid-post-holder\">\n        <div class=\"eael-grid-post-holder-inner\"><div class=\"eael-entry-media\"><div class=\"eael-entry-overlay fade-in\"><i class=\"fas fa-long-arrow-alt-right\" aria-hidden=\"true\"><\/i><a href=\"https:\/\/corazonexsolidarios.com\/index.php\/2025\/03\/05\/fundacion-la-caixa-dona-4-000-e-para-patrocinar-el-campamento-de-2025\/\"><\/a><\/div><div class=\"eael-entry-thumbnail \">\n                            <img decoding=\"async\" width=\"800\" height=\"400\" data-src=\"https:\/\/corazonexsolidarios.com\/wp-content\/uploads\/2025\/03\/Imagen-de-WhatsApp-2025-03-05-a-las-10.03.09_94bd35f9-e1741172499270.jpg\" class=\"attachment-full size-full wp-image-2131 lazyload\" alt=\"\" data-srcset=\"https:\/\/corazonexsolidarios.com\/wp-content\/uploads\/2025\/03\/Imagen-de-WhatsApp-2025-03-05-a-las-10.03.09_94bd35f9-e1741172499270.jpg 800w, https:\/\/corazonexsolidarios.com\/wp-content\/uploads\/2025\/03\/Imagen-de-WhatsApp-2025-03-05-a-las-10.03.09_94bd35f9-e1741172499270-300x150.jpg 300w, https:\/\/corazonexsolidarios.com\/wp-content\/uploads\/2025\/03\/Imagen-de-WhatsApp-2025-03-05-a-las-10.03.09_94bd35f9-e1741172499270-768x384.jpg 768w, https:\/\/corazonexsolidarios.com\/wp-content\/uploads\/2025\/03\/Imagen-de-WhatsApp-2025-03-05-a-las-10.03.09_94bd35f9-e1741172499270-600x300.jpg 600w\" data-sizes=\"(max-width: 800px) 100vw, 800px\" src=\"data:image\/svg+xml;base64,PHN2ZyB3aWR0aD0iMSIgaGVpZ2h0PSIxIiB4bWxucz0iaHR0cDovL3d3dy53My5vcmcvMjAwMC9zdmciPjwvc3ZnPg==\" style=\"--smush-placeholder-width: 800px; --smush-placeholder-aspect-ratio: 800\/400;\" \/>\n                            <\/div>\n                    <\/div><div class=\"eael-entry-wrapper\"><header class=\"eael-entry-header\"><h2 class=\"eael-entry-title\"><a class=\"eael-grid-post-link\" href=\"https:\/\/corazonexsolidarios.com\/index.php\/2025\/03\/05\/fundacion-la-caixa-dona-4-000-e-para-patrocinar-el-campamento-de-2025\/\" title=\"Fundaci\u00f3n La Caixa dona 4.000 \u20ac para patrocinar el campamento de 2025.\">Fundaci\u00f3n La Caixa dona 4.000 \u20ac para patrocinar el campamento de 2025.<\/a><\/h2><\/header><div class=\"eael-entry-content\">\n                                <div class=\"eael-grid-post-excerpt\"><p>El pasado jueves 27 de febrero, Fundaci\u00f3n La Caixa realiz\u00f3...<\/p><a href=\"https:\/\/corazonexsolidarios.com\/index.php\/2025\/03\/05\/fundacion-la-caixa-dona-4-000-e-para-patrocinar-el-campamento-de-2025\/\" class=\"eael-post-elements-readmore-btn\">Leer m\u00e1s<\/a><\/div>\n                            <\/div><\/div><\/div>\n    <\/div>\n<\/article><article class=\"eael-grid-post  eael-post-grid-column eael-pg-post-2116 category-noticias tags-noticia\" data-id=\"2116\">\n    <div class=\"eael-grid-post-holder\">\n        <div class=\"eael-grid-post-holder-inner\"><div class=\"eael-entry-media\"><div class=\"eael-entry-overlay fade-in\"><i class=\"fas fa-long-arrow-alt-right\" aria-hidden=\"true\"><\/i><a href=\"https:\/\/corazonexsolidarios.com\/index.php\/2025\/02\/26\/corazonex-solidarios-gana-el-premio-en-la-iniciativa-solidaria-suma-tu-energia-de-fenie-energia\/\"><\/a><\/div><div class=\"eael-entry-thumbnail \">\n                            <img decoding=\"async\" width=\"800\" height=\"400\" data-src=\"https:\/\/corazonexsolidarios.com\/wp-content\/uploads\/2025\/02\/480561320_1132686368653909_2686053735507449240_n-e1740560494266.jpg\" class=\"attachment-full size-full wp-image-2118 lazyload\" alt=\"\" data-srcset=\"https:\/\/corazonexsolidarios.com\/wp-content\/uploads\/2025\/02\/480561320_1132686368653909_2686053735507449240_n-e1740560494266.jpg 800w, https:\/\/corazonexsolidarios.com\/wp-content\/uploads\/2025\/02\/480561320_1132686368653909_2686053735507449240_n-e1740560494266-300x150.jpg 300w, https:\/\/corazonexsolidarios.com\/wp-content\/uploads\/2025\/02\/480561320_1132686368653909_2686053735507449240_n-e1740560494266-768x384.jpg 768w, https:\/\/corazonexsolidarios.com\/wp-content\/uploads\/2025\/02\/480561320_1132686368653909_2686053735507449240_n-e1740560494266-600x300.jpg 600w\" data-sizes=\"(max-width: 800px) 100vw, 800px\" src=\"data:image\/svg+xml;base64,PHN2ZyB3aWR0aD0iMSIgaGVpZ2h0PSIxIiB4bWxucz0iaHR0cDovL3d3dy53My5vcmcvMjAwMC9zdmciPjwvc3ZnPg==\" style=\"--smush-placeholder-width: 800px; --smush-placeholder-aspect-ratio: 800\/400;\" \/>\n                            <\/div>\n                    <\/div><div class=\"eael-entry-wrapper\"><header class=\"eael-entry-header\"><h2 class=\"eael-entry-title\"><a class=\"eael-grid-post-link\" href=\"https:\/\/corazonexsolidarios.com\/index.php\/2025\/02\/26\/corazonex-solidarios-gana-el-premio-en-la-iniciativa-solidaria-suma-tu-energia-de-fenie-energia\/\" title=\"Ganadores del premio en el programa \u2018Suma tu Energ\u00eda\u2019 de FEN\u00cdE ENERG\u00cdA.\">Ganadores del premio en el programa \u2018Suma tu Energ\u00eda\u2019 de FEN\u00cdE ENERG\u00cdA.<\/a><\/h2><\/header><div class=\"eael-entry-content\">\n                                <div class=\"eael-grid-post-excerpt\"><p>El pasado 24 de febrero, Aspremetal, a trav\u00e9s de su...<\/p><a href=\"https:\/\/corazonexsolidarios.com\/index.php\/2025\/02\/26\/corazonex-solidarios-gana-el-premio-en-la-iniciativa-solidaria-suma-tu-energia-de-fenie-energia\/\" class=\"eael-post-elements-readmore-btn\">Leer m\u00e1s<\/a><\/div>\n                            <\/div><\/div><\/div>\n    <\/div>\n<\/article><article class=\"eael-grid-post  eael-post-grid-column eael-pg-post-2060 category-galas-noticias tags-gala\" data-id=\"2060\">\n    <div class=\"eael-grid-post-holder\">\n        <div class=\"eael-grid-post-holder-inner\"><div class=\"eael-entry-media\"><div class=\"eael-entry-overlay fade-in\"><i class=\"fas fa-long-arrow-alt-right\" aria-hidden=\"true\"><\/i><a href=\"https:\/\/corazonexsolidarios.com\/index.php\/2025\/02\/14\/i-cena-de-gala-solidaria-woman-on-the-go-caceres\/\"><\/a><\/div><div class=\"eael-entry-thumbnail \">\n                            <img decoding=\"async\" width=\"800\" height=\"400\" data-src=\"https:\/\/corazonexsolidarios.com\/wp-content\/uploads\/2025\/02\/22d79788-8e27-4a30-8e5e-59acab775d2a-e1739529444311.jpg\" class=\"attachment-full size-full wp-image-2064 lazyload\" alt=\"\" data-srcset=\"https:\/\/corazonexsolidarios.com\/wp-content\/uploads\/2025\/02\/22d79788-8e27-4a30-8e5e-59acab775d2a-e1739529444311.jpg 800w, https:\/\/corazonexsolidarios.com\/wp-content\/uploads\/2025\/02\/22d79788-8e27-4a30-8e5e-59acab775d2a-e1739529444311-300x150.jpg 300w, https:\/\/corazonexsolidarios.com\/wp-content\/uploads\/2025\/02\/22d79788-8e27-4a30-8e5e-59acab775d2a-e1739529444311-768x384.jpg 768w, https:\/\/corazonexsolidarios.com\/wp-content\/uploads\/2025\/02\/22d79788-8e27-4a30-8e5e-59acab775d2a-e1739529444311-600x300.jpg 600w\" data-sizes=\"(max-width: 800px) 100vw, 800px\" src=\"data:image\/svg+xml;base64,PHN2ZyB3aWR0aD0iMSIgaGVpZ2h0PSIxIiB4bWxucz0iaHR0cDovL3d3dy53My5vcmcvMjAwMC9zdmciPjwvc3ZnPg==\" style=\"--smush-placeholder-width: 800px; --smush-placeholder-aspect-ratio: 800\/400;\" \/>\n                            <\/div>\n                    <\/div><div class=\"eael-entry-wrapper\"><header class=\"eael-entry-header\"><h2 class=\"eael-entry-title\"><a class=\"eael-grid-post-link\" href=\"https:\/\/corazonexsolidarios.com\/index.php\/2025\/02\/14\/i-cena-de-gala-solidaria-woman-on-the-go-caceres\/\" title=\"I Cena de Gala Solidaria Woman On The Go, C\u00e1ceres\">I Cena de Gala Solidaria Woman On The Go, C\u00e1ceres<\/a><\/h2><\/header><div class=\"eael-entry-content\">\n                                <div class=\"eael-grid-post-excerpt\"><p>Tuvimos el placer de disfrutar de una noche m\u00e1gica en...<\/p><a href=\"https:\/\/corazonexsolidarios.com\/index.php\/2025\/02\/14\/i-cena-de-gala-solidaria-woman-on-the-go-caceres\/\" class=\"eael-post-elements-readmore-btn\">Leer m\u00e1s<\/a><\/div>\n                            <\/div><\/div><\/div>\n    <\/div>\n<\/article><article class=\"eael-grid-post  eael-post-grid-column eael-pg-post-2025 category-actividades-noticias-proyectos-solidarios tags-actividad\" data-id=\"2025\">\n    <div class=\"eael-grid-post-holder\">\n        <div class=\"eael-grid-post-holder-inner\"><div class=\"eael-entry-media\"><div class=\"eael-entry-overlay fade-in\"><i class=\"fas fa-long-arrow-alt-right\" aria-hidden=\"true\"><\/i><a href=\"https:\/\/corazonexsolidarios.com\/index.php\/2024\/12\/16\/decora-tu-hogar-con-corazonex-solidarios\/\"><\/a><\/div><div class=\"eael-entry-thumbnail \">\n                            <img decoding=\"async\" width=\"800\" height=\"400\" data-src=\"https:\/\/corazonexsolidarios.com\/wp-content\/uploads\/2024\/12\/PHOTO-2024-12-10-11-21-06-e1739529061778.jpg\" class=\"attachment-full size-full wp-image-2026 lazyload\" alt=\"Art\u00edculo navide\u00f1o con fines solidarios\" data-srcset=\"https:\/\/corazonexsolidarios.com\/wp-content\/uploads\/2024\/12\/PHOTO-2024-12-10-11-21-06-e1739529061778.jpg 800w, https:\/\/corazonexsolidarios.com\/wp-content\/uploads\/2024\/12\/PHOTO-2024-12-10-11-21-06-e1739529061778-300x150.jpg 300w, https:\/\/corazonexsolidarios.com\/wp-content\/uploads\/2024\/12\/PHOTO-2024-12-10-11-21-06-e1739529061778-768x384.jpg 768w, https:\/\/corazonexsolidarios.com\/wp-content\/uploads\/2024\/12\/PHOTO-2024-12-10-11-21-06-e1739529061778-600x300.jpg 600w\" data-sizes=\"(max-width: 800px) 100vw, 800px\" src=\"data:image\/svg+xml;base64,PHN2ZyB3aWR0aD0iMSIgaGVpZ2h0PSIxIiB4bWxucz0iaHR0cDovL3d3dy53My5vcmcvMjAwMC9zdmciPjwvc3ZnPg==\" style=\"--smush-placeholder-width: 800px; --smush-placeholder-aspect-ratio: 800\/400;\" \/>\n                            <\/div>\n                    <\/div><div class=\"eael-entry-wrapper\"><header class=\"eael-entry-header\"><h2 class=\"eael-entry-title\"><a class=\"eael-grid-post-link\" href=\"https:\/\/corazonexsolidarios.com\/index.php\/2024\/12\/16\/decora-tu-hogar-con-corazonex-solidarios\/\" title=\"Decora tu hogar con CorazonEx Solidarios\">Decora tu hogar con CorazonEx Solidarios<\/a><\/h2><\/header><div class=\"eael-entry-content\">\n                                <div class=\"eael-grid-post-excerpt\"><p>\u00a1Hola, familia de CorazonEx! En estas fechas tan especiales, queremos...<\/p><a href=\"https:\/\/corazonexsolidarios.com\/index.php\/2024\/12\/16\/decora-tu-hogar-con-corazonex-solidarios\/\" class=\"eael-post-elements-readmore-btn\">Leer m\u00e1s<\/a><\/div>\n                            <\/div><\/div><\/div>\n    <\/div>\n<\/article><article class=\"eael-grid-post  eael-post-grid-column eael-pg-post-2022 category-actividades-noticias-proyectos-solidarios tags-proyecto\" data-id=\"2022\">\n    <div class=\"eael-grid-post-holder\">\n        <div class=\"eael-grid-post-holder-inner\"><div class=\"eael-entry-media\"><div class=\"eael-entry-overlay fade-in\"><i class=\"fas fa-long-arrow-alt-right\" aria-hidden=\"true\"><\/i><a href=\"https:\/\/corazonexsolidarios.com\/index.php\/2024\/12\/16\/comienza-la-nueva-temporada-de-la-escuela-de-futbol-en-badajoz-de-corazonex-solidarios\/\"><\/a><\/div><div class=\"eael-entry-thumbnail \">\n                            <img decoding=\"async\" width=\"800\" height=\"400\" data-src=\"https:\/\/corazonexsolidarios.com\/wp-content\/uploads\/2024\/12\/PHOTO-2024-12-10-11-19-02-scaled-e1739528752250.jpg\" class=\"attachment-full size-full wp-image-2023 lazyload\" alt=\"Ni\u00f1os de la escuela de f\u00fatbol en Badajoz con la fundaci\u00f3n Atl\u00e9tico de Madrid\" data-srcset=\"https:\/\/corazonexsolidarios.com\/wp-content\/uploads\/2024\/12\/PHOTO-2024-12-10-11-19-02-scaled-e1739528752250.jpg 800w, https:\/\/corazonexsolidarios.com\/wp-content\/uploads\/2024\/12\/PHOTO-2024-12-10-11-19-02-scaled-e1739528752250-300x150.jpg 300w, https:\/\/corazonexsolidarios.com\/wp-content\/uploads\/2024\/12\/PHOTO-2024-12-10-11-19-02-scaled-e1739528752250-768x384.jpg 768w, https:\/\/corazonexsolidarios.com\/wp-content\/uploads\/2024\/12\/PHOTO-2024-12-10-11-19-02-scaled-e1739528752250-600x300.jpg 600w\" data-sizes=\"(max-width: 800px) 100vw, 800px\" src=\"data:image\/svg+xml;base64,PHN2ZyB3aWR0aD0iMSIgaGVpZ2h0PSIxIiB4bWxucz0iaHR0cDovL3d3dy53My5vcmcvMjAwMC9zdmciPjwvc3ZnPg==\" style=\"--smush-placeholder-width: 800px; --smush-placeholder-aspect-ratio: 800\/400;\" \/>\n                            <\/div>\n                    <\/div><div class=\"eael-entry-wrapper\"><header class=\"eael-entry-header\"><h2 class=\"eael-entry-title\"><a class=\"eael-grid-post-link\" href=\"https:\/\/corazonexsolidarios.com\/index.php\/2024\/12\/16\/comienza-la-nueva-temporada-de-la-escuela-de-futbol-en-badajoz-de-corazonex-solidarios\/\" title=\"Comienza la nueva temporada de la Escuela de F\u00fatbol en Badajoz de CorazonEx Solidarios\u00a0\">Comienza la nueva temporada de la Escuela de F\u00fatbol en Badajoz de CorazonEx Solidarios\u00a0<\/a><\/h2><\/header><div class=\"eael-entry-content\">\n                                <div class=\"eael-grid-post-excerpt\"><p>\u00a1Hola familia de CorazonEx!\u00a0\u00a1Arranca la nueva temporada de la Escuela...<\/p><a href=\"https:\/\/corazonexsolidarios.com\/index.php\/2024\/12\/16\/comienza-la-nueva-temporada-de-la-escuela-de-futbol-en-badajoz-de-corazonex-solidarios\/\" class=\"eael-post-elements-readmore-btn\">Leer m\u00e1s<\/a><\/div>\n                            <\/div><\/div><\/div>\n    <\/div>\n<\/article><article class=\"eael-grid-post  eael-post-grid-column eael-pg-post-2019 category-actividades-noticias-proyectos-solidarios tags-proyecto\" data-id=\"2019\">\n    <div class=\"eael-grid-post-holder\">\n        <div class=\"eael-grid-post-holder-inner\"><div class=\"eael-entry-media\"><div class=\"eael-entry-overlay fade-in\"><i class=\"fas fa-long-arrow-alt-right\" aria-hidden=\"true\"><\/i><a href=\"https:\/\/corazonexsolidarios.com\/index.php\/2024\/12\/10\/corazonex-colabora-con-el-ii-trofeo-benefico-ad-hispanolusa-para-que-ningun-nino-se-quede-sin-juguete-estas-navidades\/\"><\/a><\/div><div class=\"eael-entry-thumbnail \">\n                            <img decoding=\"async\" width=\"800\" height=\"400\" data-src=\"https:\/\/corazonexsolidarios.com\/wp-content\/uploads\/2024\/12\/e78b9f3a-55be-4fa5-b612-e7d3d033dd66-e1739528621269.jpg\" class=\"attachment-full size-full wp-image-2020 lazyload\" alt=\"Cartel del torneo\" data-srcset=\"https:\/\/corazonexsolidarios.com\/wp-content\/uploads\/2024\/12\/e78b9f3a-55be-4fa5-b612-e7d3d033dd66-e1739528621269.jpg 800w, https:\/\/corazonexsolidarios.com\/wp-content\/uploads\/2024\/12\/e78b9f3a-55be-4fa5-b612-e7d3d033dd66-e1739528621269-300x150.jpg 300w, https:\/\/corazonexsolidarios.com\/wp-content\/uploads\/2024\/12\/e78b9f3a-55be-4fa5-b612-e7d3d033dd66-e1739528621269-768x384.jpg 768w, https:\/\/corazonexsolidarios.com\/wp-content\/uploads\/2024\/12\/e78b9f3a-55be-4fa5-b612-e7d3d033dd66-e1739528621269-600x300.jpg 600w\" data-sizes=\"(max-width: 800px) 100vw, 800px\" src=\"data:image\/svg+xml;base64,PHN2ZyB3aWR0aD0iMSIgaGVpZ2h0PSIxIiB4bWxucz0iaHR0cDovL3d3dy53My5vcmcvMjAwMC9zdmciPjwvc3ZnPg==\" style=\"--smush-placeholder-width: 800px; --smush-placeholder-aspect-ratio: 800\/400;\" \/>\n                            <\/div>\n                    <\/div><div class=\"eael-entry-wrapper\"><header class=\"eael-entry-header\"><h2 class=\"eael-entry-title\"><a class=\"eael-grid-post-link\" href=\"https:\/\/corazonexsolidarios.com\/index.php\/2024\/12\/10\/corazonex-colabora-con-el-ii-trofeo-benefico-ad-hispanolusa-para-que-ningun-nino-se-quede-sin-juguete-estas-navidades\/\" title=\"CorazonEx colabora con el II Trofeo Ben\u00e9fico AD Hispanolusa para que ning\u00fan ni\u00f1o se quede sin juguete estas navidades\">CorazonEx colabora con el II Trofeo Ben\u00e9fico AD Hispanolusa para que ning\u00fan ni\u00f1o se quede sin juguete estas navidades<\/a><\/h2><\/header><div class=\"eael-entry-content\">\n                                <div class=\"eael-grid-post-excerpt\"><p>\u00a1Hola familia de CorazonEx! Os traemos una buen\u00edsima noticia y...<\/p><a href=\"https:\/\/corazonexsolidarios.com\/index.php\/2024\/12\/10\/corazonex-colabora-con-el-ii-trofeo-benefico-ad-hispanolusa-para-que-ningun-nino-se-quede-sin-juguete-estas-navidades\/\" class=\"eael-post-elements-readmore-btn\">Leer m\u00e1s<\/a><\/div>\n                            <\/div><\/div><\/div>\n    <\/div>\n<\/article><article class=\"eael-grid-post  eael-post-grid-column eael-pg-post-1935 category-actividades-noticias-proyectos-solidarios tags-actividad\" data-id=\"1935\">\n    <div class=\"eael-grid-post-holder\">\n        <div class=\"eael-grid-post-holder-inner\"><div class=\"eael-entry-media\"><div class=\"eael-entry-overlay fade-in\"><i class=\"fas fa-long-arrow-alt-right\" aria-hidden=\"true\"><\/i><a href=\"https:\/\/corazonexsolidarios.com\/index.php\/2024\/11\/13\/corazonex-participa-en-la-recogida-de-juguetes-solidarios-con-kidus-badajoz\/\"><\/a><\/div><div class=\"eael-entry-thumbnail \">\n                            <img decoding=\"async\" width=\"800\" height=\"400\" data-src=\"https:\/\/corazonexsolidarios.com\/wp-content\/uploads\/2024\/11\/Captura-de-pantalla-8-e1739528391628.png\" class=\"attachment-full size-full wp-image-1936 lazyload\" alt=\"CorazonEx participa en la recogida de juguetes solidarios con Kid Us Badajoz\" data-srcset=\"https:\/\/corazonexsolidarios.com\/wp-content\/uploads\/2024\/11\/Captura-de-pantalla-8-e1739528391628.png 800w, https:\/\/corazonexsolidarios.com\/wp-content\/uploads\/2024\/11\/Captura-de-pantalla-8-e1739528391628-300x150.png 300w, https:\/\/corazonexsolidarios.com\/wp-content\/uploads\/2024\/11\/Captura-de-pantalla-8-e1739528391628-768x384.png 768w, https:\/\/corazonexsolidarios.com\/wp-content\/uploads\/2024\/11\/Captura-de-pantalla-8-e1739528391628-600x300.png 600w\" data-sizes=\"(max-width: 800px) 100vw, 800px\" src=\"data:image\/svg+xml;base64,PHN2ZyB3aWR0aD0iMSIgaGVpZ2h0PSIxIiB4bWxucz0iaHR0cDovL3d3dy53My5vcmcvMjAwMC9zdmciPjwvc3ZnPg==\" style=\"--smush-placeholder-width: 800px; --smush-placeholder-aspect-ratio: 800\/400;\" \/>\n                            <\/div>\n                    <\/div><div class=\"eael-entry-wrapper\"><header class=\"eael-entry-header\"><h2 class=\"eael-entry-title\"><a class=\"eael-grid-post-link\" href=\"https:\/\/corazonexsolidarios.com\/index.php\/2024\/11\/13\/corazonex-participa-en-la-recogida-de-juguetes-solidarios-con-kidus-badajoz\/\" title=\"CorazonEx participa en la recogida de juguetes solidarios con Kid&amp;Us Badajoz\">CorazonEx participa en la recogida de juguetes solidarios con Kid&amp;Us Badajoz<\/a><\/h2><\/header><div class=\"eael-entry-content\">\n                                <div class=\"eael-grid-post-excerpt\"><p>Un a\u00f1o m\u00e1s, en CorazonEx Solidarios de Extremadura participamos en...<\/p><a href=\"https:\/\/corazonexsolidarios.com\/index.php\/2024\/11\/13\/corazonex-participa-en-la-recogida-de-juguetes-solidarios-con-kidus-badajoz\/\" class=\"eael-post-elements-readmore-btn\">Leer m\u00e1s<\/a><\/div>\n                            <\/div><\/div><\/div>\n    <\/div>\n<\/article><article class=\"eael-grid-post  eael-post-grid-column eael-pg-post-1922 category-actividades-noticias-proyectos-solidarios tags-noticia\" data-id=\"1922\">\n    <div class=\"eael-grid-post-holder\">\n        <div class=\"eael-grid-post-holder-inner\"><div class=\"eael-entry-media\"><div class=\"eael-entry-overlay fade-in\"><i class=\"fas fa-long-arrow-alt-right\" aria-hidden=\"true\"><\/i><a href=\"https:\/\/corazonexsolidarios.com\/index.php\/2024\/10\/28\/corazonex-solidarios-recibe-una-donacion-de-500-euros\/\"><\/a><\/div><div class=\"eael-entry-thumbnail \">\n                            <img decoding=\"async\" width=\"800\" height=\"400\" data-src=\"https:\/\/corazonexsolidarios.com\/wp-content\/uploads\/2024\/10\/f3827aff-8a45-4930-957e-ee109c8574dc-e1739528266730.jpg\" class=\"attachment-full size-full wp-image-1923 lazyload\" alt=\"El acto de entrega de la donaci\u00f3n cont\u00f3 con la presencia de Carlos Casilda, presidente de JUVENEX, y Margarita Mora, nuestra secretaria de CorazonEx Solidarios de Extremadura.\" data-srcset=\"https:\/\/corazonexsolidarios.com\/wp-content\/uploads\/2024\/10\/f3827aff-8a45-4930-957e-ee109c8574dc-e1739528266730.jpg 800w, https:\/\/corazonexsolidarios.com\/wp-content\/uploads\/2024\/10\/f3827aff-8a45-4930-957e-ee109c8574dc-e1739528266730-300x150.jpg 300w, https:\/\/corazonexsolidarios.com\/wp-content\/uploads\/2024\/10\/f3827aff-8a45-4930-957e-ee109c8574dc-e1739528266730-768x384.jpg 768w, https:\/\/corazonexsolidarios.com\/wp-content\/uploads\/2024\/10\/f3827aff-8a45-4930-957e-ee109c8574dc-e1739528266730-600x300.jpg 600w\" data-sizes=\"(max-width: 800px) 100vw, 800px\" src=\"data:image\/svg+xml;base64,PHN2ZyB3aWR0aD0iMSIgaGVpZ2h0PSIxIiB4bWxucz0iaHR0cDovL3d3dy53My5vcmcvMjAwMC9zdmciPjwvc3ZnPg==\" style=\"--smush-placeholder-width: 800px; --smush-placeholder-aspect-ratio: 800\/400;\" \/>\n                            <\/div>\n                    <\/div><div class=\"eael-entry-wrapper\"><header class=\"eael-entry-header\"><h2 class=\"eael-entry-title\"><a class=\"eael-grid-post-link\" href=\"https:\/\/corazonexsolidarios.com\/index.php\/2024\/10\/28\/corazonex-solidarios-recibe-una-donacion-de-500-euros\/\" title=\"CorazonEx Solidarios recibe una donaci\u00f3n de 500 euros\">CorazonEx Solidarios recibe una donaci\u00f3n de 500 euros<\/a><\/h2><\/header><div class=\"eael-entry-content\">\n                                <div class=\"eael-grid-post-excerpt\"><p>En CorazonEx Solidarios de Extremadura hemos recibido una generosa donaci\u00f3n...<\/p><a href=\"https:\/\/corazonexsolidarios.com\/index.php\/2024\/10\/28\/corazonex-solidarios-recibe-una-donacion-de-500-euros\/\" class=\"eael-post-elements-readmore-btn\">Leer m\u00e1s<\/a><\/div>\n                            <\/div><\/div><\/div>\n    <\/div>\n<\/article><article class=\"eael-grid-post  eael-post-grid-column eael-pg-post-1919 category-actividades-noticias-proyectos-solidarios tags-proyecto\" data-id=\"1919\">\n    <div class=\"eael-grid-post-holder\">\n        <div class=\"eael-grid-post-holder-inner\"><div class=\"eael-entry-media\"><div class=\"eael-entry-overlay fade-in\"><i class=\"fas fa-long-arrow-alt-right\" aria-hidden=\"true\"><\/i><a href=\"https:\/\/corazonexsolidarios.com\/index.php\/2024\/10\/25\/corazonex-solidarios-de-extremadura-hace-realidad-el-sueno-del-club-deportivo-grupo-joven\/\"><\/a><\/div><div class=\"eael-entry-thumbnail \">\n                            <img decoding=\"async\" width=\"800\" height=\"400\" data-src=\"https:\/\/corazonexsolidarios.com\/wp-content\/uploads\/2024\/10\/Diseno-sin-titulo-e1739528072561.png\" class=\"attachment-full size-full wp-image-1920 lazyload\" alt=\"Equipo Club Deportivo Grupo Joven en el acto de entrega de las equipaciones por CorazonEx Solidarios\" data-srcset=\"https:\/\/corazonexsolidarios.com\/wp-content\/uploads\/2024\/10\/Diseno-sin-titulo-e1739528072561.png 800w, https:\/\/corazonexsolidarios.com\/wp-content\/uploads\/2024\/10\/Diseno-sin-titulo-e1739528072561-300x150.png 300w, https:\/\/corazonexsolidarios.com\/wp-content\/uploads\/2024\/10\/Diseno-sin-titulo-e1739528072561-768x384.png 768w, https:\/\/corazonexsolidarios.com\/wp-content\/uploads\/2024\/10\/Diseno-sin-titulo-e1739528072561-600x300.png 600w\" data-sizes=\"(max-width: 800px) 100vw, 800px\" src=\"data:image\/svg+xml;base64,PHN2ZyB3aWR0aD0iMSIgaGVpZ2h0PSIxIiB4bWxucz0iaHR0cDovL3d3dy53My5vcmcvMjAwMC9zdmciPjwvc3ZnPg==\" style=\"--smush-placeholder-width: 800px; --smush-placeholder-aspect-ratio: 800\/400;\" \/>\n                            <\/div>\n                    <\/div><div class=\"eael-entry-wrapper\"><header class=\"eael-entry-header\"><h2 class=\"eael-entry-title\"><a class=\"eael-grid-post-link\" href=\"https:\/\/corazonexsolidarios.com\/index.php\/2024\/10\/25\/corazonex-solidarios-de-extremadura-hace-realidad-el-sueno-del-club-deportivo-grupo-joven\/\" title=\"CorazonEx Solidarios de Extremadura hace realidad el sue\u00f1o del Club Deportivo Grupo Joven\">CorazonEx Solidarios de Extremadura hace realidad el sue\u00f1o del Club Deportivo Grupo Joven<\/a><\/h2><\/header><div class=\"eael-entry-content\">\n                                <div class=\"eael-grid-post-excerpt\"><p>En CorazonEx Solidarios de Extremadura hemos dado un importante paso...<\/p><a href=\"https:\/\/corazonexsolidarios.com\/index.php\/2024\/10\/25\/corazonex-solidarios-de-extremadura-hace-realidad-el-sueno-del-club-deportivo-grupo-joven\/\" class=\"eael-post-elements-readmore-btn\">Leer m\u00e1s<\/a><\/div>\n                            <\/div><\/div><\/div>\n    <\/div>\n<\/article><article class=\"eael-grid-post  eael-post-grid-column eael-pg-post-1021 category-noticias-proyectos-solidarios tags-proyecto\" data-id=\"1021\">\n    <div class=\"eael-grid-post-holder\">\n        <div class=\"eael-grid-post-holder-inner\"><div class=\"eael-entry-media\"><div class=\"eael-entry-overlay fade-in\"><i class=\"fas fa-long-arrow-alt-right\" aria-hidden=\"true\"><\/i><a href=\"https:\/\/corazonexsolidarios.com\/index.php\/2023\/07\/12\/corazonex-solidarios-por-los-kilometros-que-recorrera-hugo\/\"><\/a><\/div><div class=\"eael-entry-thumbnail \">\n                            <img decoding=\"async\" width=\"800\" height=\"400\" data-src=\"https:\/\/corazonexsolidarios.com\/wp-content\/uploads\/2023\/07\/los-kms-hugo-1024x576-1-e1739527963511.jpg\" class=\"attachment-full size-full wp-image-1381 lazyload\" alt=\"Proyecto Los Kil\u00f3metros de Hugo\" data-srcset=\"https:\/\/corazonexsolidarios.com\/wp-content\/uploads\/2023\/07\/los-kms-hugo-1024x576-1-e1739527963511.jpg 800w, https:\/\/corazonexsolidarios.com\/wp-content\/uploads\/2023\/07\/los-kms-hugo-1024x576-1-e1739527963511-600x300.jpg 600w, https:\/\/corazonexsolidarios.com\/wp-content\/uploads\/2023\/07\/los-kms-hugo-1024x576-1-e1739527963511-300x150.jpg 300w, https:\/\/corazonexsolidarios.com\/wp-content\/uploads\/2023\/07\/los-kms-hugo-1024x576-1-e1739527963511-768x384.jpg 768w\" data-sizes=\"(max-width: 800px) 100vw, 800px\" src=\"data:image\/svg+xml;base64,PHN2ZyB3aWR0aD0iMSIgaGVpZ2h0PSIxIiB4bWxucz0iaHR0cDovL3d3dy53My5vcmcvMjAwMC9zdmciPjwvc3ZnPg==\" style=\"--smush-placeholder-width: 800px; --smush-placeholder-aspect-ratio: 800\/400;\" \/>\n                            <\/div>\n                    <\/div><div class=\"eael-entry-wrapper\"><header class=\"eael-entry-header\"><h2 class=\"eael-entry-title\"><a class=\"eael-grid-post-link\" href=\"https:\/\/corazonexsolidarios.com\/index.php\/2023\/07\/12\/corazonex-solidarios-por-los-kilometros-que-recorrera-hugo\/\" title=\"CorazonEx Solidarios: por los kil\u00f3metros que recorrer\u00e1 Hugo\">CorazonEx Solidarios: por los kil\u00f3metros que recorrer\u00e1 Hugo<\/a><\/h2><\/header><div class=\"eael-entry-content\">\n                                <div class=\"eael-grid-post-excerpt\"><p>El nuevo proyecto solidario de CorazonEx Solidarios de Extremadura ya...<\/p><a href=\"https:\/\/corazonexsolidarios.com\/index.php\/2023\/07\/12\/corazonex-solidarios-por-los-kilometros-que-recorrera-hugo\/\" class=\"eael-post-elements-readmore-btn\">Leer m\u00e1s<\/a><\/div>\n                            <\/div><\/div><\/div>\n    <\/div>\n<\/article><article class=\"eael-grid-post  eael-post-grid-column eael-pg-post-1034 category-noticias tags-noticia\" data-id=\"1034\">\n    <div class=\"eael-grid-post-holder\">\n        <div class=\"eael-grid-post-holder-inner\"><div class=\"eael-entry-media\"><div class=\"eael-entry-overlay fade-in\"><i class=\"fas fa-long-arrow-alt-right\" aria-hidden=\"true\"><\/i><a href=\"https:\/\/corazonexsolidarios.com\/index.php\/2023\/07\/08\/corazonex-solidarios-honrando-a-un-hombre-extraordinario-en-la-barriada-de-suerte-de-saavedra\/\"><\/a><\/div><div class=\"eael-entry-thumbnail \">\n                            <img decoding=\"async\" width=\"800\" height=\"400\" data-src=\"https:\/\/corazonexsolidarios.com\/wp-content\/uploads\/2023\/07\/sorpresa-antonio-e1739527784114.jpeg\" class=\"attachment-full size-full wp-image-1387 lazyload\" alt=\"\" data-srcset=\"https:\/\/corazonexsolidarios.com\/wp-content\/uploads\/2023\/07\/sorpresa-antonio-e1739527784114.jpeg 800w, https:\/\/corazonexsolidarios.com\/wp-content\/uploads\/2023\/07\/sorpresa-antonio-e1739527784114-600x300.jpeg 600w, https:\/\/corazonexsolidarios.com\/wp-content\/uploads\/2023\/07\/sorpresa-antonio-e1739527784114-300x150.jpeg 300w, https:\/\/corazonexsolidarios.com\/wp-content\/uploads\/2023\/07\/sorpresa-antonio-e1739527784114-768x384.jpeg 768w\" data-sizes=\"(max-width: 800px) 100vw, 800px\" src=\"data:image\/svg+xml;base64,PHN2ZyB3aWR0aD0iMSIgaGVpZ2h0PSIxIiB4bWxucz0iaHR0cDovL3d3dy53My5vcmcvMjAwMC9zdmciPjwvc3ZnPg==\" style=\"--smush-placeholder-width: 800px; --smush-placeholder-aspect-ratio: 800\/400;\" \/>\n                            <\/div>\n                    <\/div><div class=\"eael-entry-wrapper\"><header class=\"eael-entry-header\"><h2 class=\"eael-entry-title\"><a class=\"eael-grid-post-link\" href=\"https:\/\/corazonexsolidarios.com\/index.php\/2023\/07\/08\/corazonex-solidarios-honrando-a-un-hombre-extraordinario-en-la-barriada-de-suerte-de-saavedra\/\" title=\"CorazonEx Solidarios: Honrando a un hombre extraordinario en la barriada de Suerte de Saavedra\">CorazonEx Solidarios: Honrando a un hombre extraordinario en la barriada de Suerte de Saavedra<\/a><\/h2><\/header><div class=\"eael-entry-content\">\n                                <div class=\"eael-grid-post-excerpt\"><p>Cuando recibimos la invitaci\u00f3n para asistir a este emotivo acto,...<\/p><a href=\"https:\/\/corazonexsolidarios.com\/index.php\/2023\/07\/08\/corazonex-solidarios-honrando-a-un-hombre-extraordinario-en-la-barriada-de-suerte-de-saavedra\/\" class=\"eael-post-elements-readmore-btn\">Leer m\u00e1s<\/a><\/div>\n                            <\/div><\/div><\/div>\n    <\/div>\n<\/article><article class=\"eael-grid-post  eael-post-grid-column eael-pg-post-1039 category-actividades-noticias tags-actividad\" data-id=\"1039\">\n    <div class=\"eael-grid-post-holder\">\n        <div class=\"eael-grid-post-holder-inner\"><div class=\"eael-entry-media\"><div class=\"eael-entry-overlay fade-in\"><i class=\"fas fa-long-arrow-alt-right\" aria-hidden=\"true\"><\/i><a href=\"https:\/\/corazonexsolidarios.com\/index.php\/2023\/07\/07\/corazonex-solidarios-en-cocemfe-con-motivo-del-dia-europeo-de-la-musica\/\"><\/a><\/div><div class=\"eael-entry-thumbnail \">\n                            <img decoding=\"async\" width=\"800\" height=\"400\" data-src=\"https:\/\/corazonexsolidarios.com\/wp-content\/uploads\/2023\/07\/cocemfe-dia-europeo-de-la-musica-e1739527625183.jpeg\" class=\"attachment-full size-full wp-image-1383 lazyload\" alt=\"\" data-srcset=\"https:\/\/corazonexsolidarios.com\/wp-content\/uploads\/2023\/07\/cocemfe-dia-europeo-de-la-musica-e1739527625183.jpeg 800w, https:\/\/corazonexsolidarios.com\/wp-content\/uploads\/2023\/07\/cocemfe-dia-europeo-de-la-musica-e1739527625183-600x300.jpeg 600w, https:\/\/corazonexsolidarios.com\/wp-content\/uploads\/2023\/07\/cocemfe-dia-europeo-de-la-musica-e1739527625183-300x150.jpeg 300w, https:\/\/corazonexsolidarios.com\/wp-content\/uploads\/2023\/07\/cocemfe-dia-europeo-de-la-musica-e1739527625183-768x384.jpeg 768w\" data-sizes=\"(max-width: 800px) 100vw, 800px\" src=\"data:image\/svg+xml;base64,PHN2ZyB3aWR0aD0iMSIgaGVpZ2h0PSIxIiB4bWxucz0iaHR0cDovL3d3dy53My5vcmcvMjAwMC9zdmciPjwvc3ZnPg==\" style=\"--smush-placeholder-width: 800px; --smush-placeholder-aspect-ratio: 800\/400;\" \/>\n                            <\/div>\n                    <\/div><div class=\"eael-entry-wrapper\"><header class=\"eael-entry-header\"><h2 class=\"eael-entry-title\"><a class=\"eael-grid-post-link\" href=\"https:\/\/corazonexsolidarios.com\/index.php\/2023\/07\/07\/corazonex-solidarios-en-cocemfe-con-motivo-del-dia-europeo-de-la-musica\/\" title=\"CorazonEx Solidarios en Cocemfe con motivo del D\u00eda Europeo de la M\u00fasica\">CorazonEx Solidarios en Cocemfe con motivo del D\u00eda Europeo de la M\u00fasica<\/a><\/h2><\/header><div class=\"eael-entry-content\">\n                                <div class=\"eael-grid-post-excerpt\"><p>CorazonEx Solidarios apoya la actividad cultural en Cocemfe con motivo...<\/p><a href=\"https:\/\/corazonexsolidarios.com\/index.php\/2023\/07\/07\/corazonex-solidarios-en-cocemfe-con-motivo-del-dia-europeo-de-la-musica\/\" class=\"eael-post-elements-readmore-btn\">Leer m\u00e1s<\/a><\/div>\n                            <\/div><\/div><\/div>\n    <\/div>\n<\/article><article class=\"eael-grid-post  eael-post-grid-column eael-pg-post-1045 category-actividades-noticias tags-actividad\" data-id=\"1045\">\n    <div class=\"eael-grid-post-holder\">\n        <div class=\"eael-grid-post-holder-inner\"><div class=\"eael-entry-media\"><div class=\"eael-entry-overlay fade-in\"><i class=\"fas fa-long-arrow-alt-right\" aria-hidden=\"true\"><\/i><a href=\"https:\/\/corazonexsolidarios.com\/index.php\/2023\/06\/29\/corazonex-solidarios-en-el-documental-death-cafe-la-musica-de-tu-vida\/\"><\/a><\/div><div class=\"eael-entry-thumbnail \">\n                            <img decoding=\"async\" width=\"800\" height=\"400\" data-src=\"https:\/\/corazonexsolidarios.com\/wp-content\/uploads\/2023\/07\/doc-death-cafe-e1739527494573.jpeg\" class=\"attachment-full size-full wp-image-1384 lazyload\" alt=\"\" data-srcset=\"https:\/\/corazonexsolidarios.com\/wp-content\/uploads\/2023\/07\/doc-death-cafe-e1739527494573.jpeg 800w, https:\/\/corazonexsolidarios.com\/wp-content\/uploads\/2023\/07\/doc-death-cafe-e1739527494573-600x300.jpeg 600w, https:\/\/corazonexsolidarios.com\/wp-content\/uploads\/2023\/07\/doc-death-cafe-e1739527494573-300x150.jpeg 300w, https:\/\/corazonexsolidarios.com\/wp-content\/uploads\/2023\/07\/doc-death-cafe-e1739527494573-768x384.jpeg 768w\" data-sizes=\"(max-width: 800px) 100vw, 800px\" src=\"data:image\/svg+xml;base64,PHN2ZyB3aWR0aD0iMSIgaGVpZ2h0PSIxIiB4bWxucz0iaHR0cDovL3d3dy53My5vcmcvMjAwMC9zdmciPjwvc3ZnPg==\" style=\"--smush-placeholder-width: 800px; --smush-placeholder-aspect-ratio: 800\/400;\" \/>\n                            <\/div>\n                    <\/div><div class=\"eael-entry-wrapper\"><header class=\"eael-entry-header\"><h2 class=\"eael-entry-title\"><a class=\"eael-grid-post-link\" href=\"https:\/\/corazonexsolidarios.com\/index.php\/2023\/06\/29\/corazonex-solidarios-en-el-documental-death-cafe-la-musica-de-tu-vida\/\" title=\"CorazonEx Solidarios en el Documental \u00abDEATH CAF\u00c9: la m\u00fasica de tu Vida\u00bb\">CorazonEx Solidarios en el Documental \u00abDEATH CAF\u00c9: la m\u00fasica de tu Vida\u00bb<\/a><\/h2><\/header><div class=\"eael-entry-content\">\n                                <div class=\"eael-grid-post-excerpt\"><p>Nuestro vicepresidente, Pedro Monty, tuvo el privilegio de presenciar de...<\/p><a href=\"https:\/\/corazonexsolidarios.com\/index.php\/2023\/06\/29\/corazonex-solidarios-en-el-documental-death-cafe-la-musica-de-tu-vida\/\" class=\"eael-post-elements-readmore-btn\">Leer m\u00e1s<\/a><\/div>\n                            <\/div><\/div><\/div>\n    <\/div>\n<\/article><article class=\"eael-grid-post  eael-post-grid-column eael-pg-post-1052 category-galas-noticias-proyectos-solidarios tags-gala\" data-id=\"1052\">\n    <div class=\"eael-grid-post-holder\">\n        <div class=\"eael-grid-post-holder-inner\"><div class=\"eael-entry-media\"><div class=\"eael-entry-overlay fade-in\"><i class=\"fas fa-long-arrow-alt-right\" aria-hidden=\"true\"><\/i><a href=\"https:\/\/corazonexsolidarios.com\/index.php\/2023\/06\/29\/gala-solidaria-dibuja-una-sonrisa-en-los-navalmorales-toledo\/\"><\/a><\/div><div class=\"eael-entry-thumbnail \">\n                            <img decoding=\"async\" width=\"800\" height=\"400\" data-src=\"https:\/\/corazonexsolidarios.com\/wp-content\/uploads\/2023\/07\/gala-dibuja-una-sonrisa-toledo-e1739527365746.jpeg\" class=\"attachment-full size-full wp-image-1385 lazyload\" alt=\"\" data-srcset=\"https:\/\/corazonexsolidarios.com\/wp-content\/uploads\/2023\/07\/gala-dibuja-una-sonrisa-toledo-e1739527365746.jpeg 800w, https:\/\/corazonexsolidarios.com\/wp-content\/uploads\/2023\/07\/gala-dibuja-una-sonrisa-toledo-e1739527365746-600x300.jpeg 600w, https:\/\/corazonexsolidarios.com\/wp-content\/uploads\/2023\/07\/gala-dibuja-una-sonrisa-toledo-e1739527365746-300x150.jpeg 300w, https:\/\/corazonexsolidarios.com\/wp-content\/uploads\/2023\/07\/gala-dibuja-una-sonrisa-toledo-e1739527365746-768x384.jpeg 768w\" data-sizes=\"(max-width: 800px) 100vw, 800px\" src=\"data:image\/svg+xml;base64,PHN2ZyB3aWR0aD0iMSIgaGVpZ2h0PSIxIiB4bWxucz0iaHR0cDovL3d3dy53My5vcmcvMjAwMC9zdmciPjwvc3ZnPg==\" style=\"--smush-placeholder-width: 800px; --smush-placeholder-aspect-ratio: 800\/400;\" \/>\n                            <\/div>\n                    <\/div><div class=\"eael-entry-wrapper\"><header class=\"eael-entry-header\"><h2 class=\"eael-entry-title\"><a class=\"eael-grid-post-link\" href=\"https:\/\/corazonexsolidarios.com\/index.php\/2023\/06\/29\/gala-solidaria-dibuja-una-sonrisa-en-los-navalmorales-toledo\/\" title=\"Gala Solidaria \u00abDibuja UNA Sonrisa\u00bb en Los Navalmorales, Toledo\">Gala Solidaria \u00abDibuja UNA Sonrisa\u00bb en Los Navalmorales, Toledo<\/a><\/h2><\/header><div class=\"eael-entry-content\">\n                                <div class=\"eael-grid-post-excerpt\"><p>CorazonEx Solidarios de Extremadura tuvo el honor de estar presente...<\/p><a href=\"https:\/\/corazonexsolidarios.com\/index.php\/2023\/06\/29\/gala-solidaria-dibuja-una-sonrisa-en-los-navalmorales-toledo\/\" class=\"eael-post-elements-readmore-btn\">Leer m\u00e1s<\/a><\/div>\n                            <\/div><\/div><\/div>\n    <\/div>\n<\/article><article class=\"eael-grid-post  eael-post-grid-column eael-pg-post-1057 category-noticias-proyectos-solidarios tags-noticia-proyecto\" data-id=\"1057\">\n    <div class=\"eael-grid-post-holder\">\n        <div class=\"eael-grid-post-holder-inner\"><div class=\"eael-entry-media\"><div class=\"eael-entry-overlay fade-in\"><i class=\"fas fa-long-arrow-alt-right\" aria-hidden=\"true\"><\/i><a href=\"https:\/\/corazonexsolidarios.com\/index.php\/2023\/06\/20\/clausura-de-temporada-de-la-escuela-de-futbol-fundacion-del-atletico-de-madrid-en-badajoz\/\"><\/a><\/div><div class=\"eael-entry-thumbnail \">\n                            <img decoding=\"async\" width=\"800\" height=\"400\" data-src=\"https:\/\/corazonexsolidarios.com\/wp-content\/uploads\/2023\/07\/clausura-escuela-atm-e1739526237158.jpeg\" class=\"attachment-full size-full wp-image-1382 lazyload\" alt=\"\" data-srcset=\"https:\/\/corazonexsolidarios.com\/wp-content\/uploads\/2023\/07\/clausura-escuela-atm-e1739526237158.jpeg 800w, https:\/\/corazonexsolidarios.com\/wp-content\/uploads\/2023\/07\/clausura-escuela-atm-e1739526237158-600x300.jpeg 600w, https:\/\/corazonexsolidarios.com\/wp-content\/uploads\/2023\/07\/clausura-escuela-atm-e1739526237158-300x150.jpeg 300w, https:\/\/corazonexsolidarios.com\/wp-content\/uploads\/2023\/07\/clausura-escuela-atm-e1739526237158-768x384.jpeg 768w\" data-sizes=\"(max-width: 800px) 100vw, 800px\" src=\"data:image\/svg+xml;base64,PHN2ZyB3aWR0aD0iMSIgaGVpZ2h0PSIxIiB4bWxucz0iaHR0cDovL3d3dy53My5vcmcvMjAwMC9zdmciPjwvc3ZnPg==\" style=\"--smush-placeholder-width: 800px; --smush-placeholder-aspect-ratio: 800\/400;\" \/>\n                            <\/div>\n                    <\/div><div class=\"eael-entry-wrapper\"><header class=\"eael-entry-header\"><h2 class=\"eael-entry-title\"><a class=\"eael-grid-post-link\" href=\"https:\/\/corazonexsolidarios.com\/index.php\/2023\/06\/20\/clausura-de-temporada-de-la-escuela-de-futbol-fundacion-del-atletico-de-madrid-en-badajoz\/\" title=\"Clausura de temporada de la Escuela de F\u00fatbol Fundaci\u00f3n del Atl\u00e9tico de Madrid en Badajoz\">Clausura de temporada de la Escuela de F\u00fatbol Fundaci\u00f3n del Atl\u00e9tico de Madrid en Badajoz<\/a><\/h2><\/header><div class=\"eael-entry-content\">\n                                <div class=\"eael-grid-post-excerpt\"><p>CorazonEx Solidarios y la Escuela de la Fundaci\u00f3n Atl\u00e9tico de...<\/p><a href=\"https:\/\/corazonexsolidarios.com\/index.php\/2023\/06\/20\/clausura-de-temporada-de-la-escuela-de-futbol-fundacion-del-atletico-de-madrid-en-badajoz\/\" class=\"eael-post-elements-readmore-btn\">Leer m\u00e1s<\/a><\/div>\n                            <\/div><\/div><\/div>\n    <\/div>\n<\/article><article class=\"eael-grid-post  eael-post-grid-column eael-pg-post-1183 category-noticias\" data-id=\"1183\">\n    <div class=\"eael-grid-post-holder\">\n        <div class=\"eael-grid-post-holder-inner\"><div class=\"eael-entry-media\"><div class=\"eael-entry-overlay fade-in\"><i class=\"fas fa-long-arrow-alt-right\" aria-hidden=\"true\"><\/i><a href=\"https:\/\/corazonexsolidarios.com\/index.php\/2022\/05\/25\/con-los-ninos-en-el-corazon\/\"><\/a><\/div><div class=\"eael-entry-thumbnail \">\n                            <img decoding=\"async\" width=\"800\" height=\"400\" data-src=\"https:\/\/corazonexsolidarios.com\/wp-content\/uploads\/2023\/07\/nace-corazonex-e1739527100204.jpeg\" class=\"attachment-full size-full wp-image-1386 lazyload\" alt=\"\" data-srcset=\"https:\/\/corazonexsolidarios.com\/wp-content\/uploads\/2023\/07\/nace-corazonex-e1739527100204.jpeg 800w, https:\/\/corazonexsolidarios.com\/wp-content\/uploads\/2023\/07\/nace-corazonex-e1739527100204-300x150.jpeg 300w, https:\/\/corazonexsolidarios.com\/wp-content\/uploads\/2023\/07\/nace-corazonex-e1739527100204-768x384.jpeg 768w, https:\/\/corazonexsolidarios.com\/wp-content\/uploads\/2023\/07\/nace-corazonex-e1739527100204-600x300.jpeg 600w\" data-sizes=\"(max-width: 800px) 100vw, 800px\" src=\"data:image\/svg+xml;base64,PHN2ZyB3aWR0aD0iMSIgaGVpZ2h0PSIxIiB4bWxucz0iaHR0cDovL3d3dy53My5vcmcvMjAwMC9zdmciPjwvc3ZnPg==\" style=\"--smush-placeholder-width: 800px; --smush-placeholder-aspect-ratio: 800\/400;\" \/>\n                            <\/div>\n                    <\/div><div class=\"eael-entry-wrapper\"><header class=\"eael-entry-header\"><h2 class=\"eael-entry-title\"><a class=\"eael-grid-post-link\" href=\"https:\/\/corazonexsolidarios.com\/index.php\/2022\/05\/25\/con-los-ninos-en-el-corazon\/\" title=\"Con los ni\u00f1os en el coraz\u00f3n\">Con los ni\u00f1os en el coraz\u00f3n<\/a><\/h2><\/header><div class=\"eael-entry-content\">\n                                <div class=\"eael-grid-post-excerpt\"><p>Nace la Asociaci\u00f3n CorazonEx Solidarios, apadrinada por la cantante Nuria...<\/p><a href=\"https:\/\/corazonexsolidarios.com\/index.php\/2022\/05\/25\/con-los-ninos-en-el-corazon\/\" class=\"eael-post-elements-readmore-btn\">Leer m\u00e1s<\/a><\/div>\n                            <\/div><\/div><\/div>\n    <\/div>\n<\/article><\/div>\n            <div class=\"clearfix\"><\/div>\n        <\/div>\t\t\t\t<\/div>\n\t\t\t\t<\/div>\n\t\t\t\t\t<\/div>\n\t\t\t\t<\/div>\n\t\t<div class=\"elementor-element elementor-element-67cb659 e-flex e-con-boxed wpr-particle-no wpr-jarallax-no wpr-parallax-no wpr-sticky-section-no wpr-equal-height-no e-con e-parent\" data-id=\"67cb659\" data-element_type=\"container\" data-e-type=\"container\" data-settings=\"{&quot;background_background&quot;:&quot;classic&quot;}\">\n\t\t\t\t\t<div class=\"e-con-inner\">\n\t\t\t\t<div class=\"elementor-element elementor-element-9eeff95 elementor-widget elementor-widget-heading\" data-id=\"9eeff95\" data-element_type=\"widget\" data-e-type=\"widget\" data-widget_type=\"heading.default\">\n\t\t\t\t<div class=\"elementor-widget-container\">\n\t\t\t\t\t<h2 class=\"elementor-heading-title elementor-size-default\">Aparici\u00f3n en medios<\/h2>\t\t\t\t<\/div>\n\t\t\t\t<\/div>\n\t\t\t\t<div class=\"elementor-element elementor-element-83c09f9 eael-fg-hoverer-content-align-left elementor-widget elementor-widget-eael-filterable-gallery\" data-id=\"83c09f9\" data-element_type=\"widget\" data-e-type=\"widget\" data-settings=\"{&quot;photo_gallery&quot;:&quot;yes&quot;}\" data-widget_type=\"eael-filterable-gallery.default\">\n\t\t\t\t<div class=\"elementor-widget-container\">\n\t\t\t\t\t<style id=\"eael-fg-inline-css-83c09f9\">@media only screen and (max-width: 2399px) {\n\t\t\t\t\t.elementor-element.elementor-element-83c09f9 .eael-filterable-gallery-item-wrap {\n\t\t\t\t\t        width: 25%;\n\t\t\t\t\t    }\n\t\t\t\t\t}@media only screen and (max-width: 1024px) {\n\t\t\t\t\t.elementor-element.elementor-element-83c09f9  .eael-filterable-gallery-item-wrap {\n\t\t\t\t\t        width: 50%;\n\t\t\t\t\t    }\n\t\t\t\t\t}@media only screen and (max-width: 767px) {\n\t\t\t\t\t.elementor-element.elementor-element-83c09f9  .eael-filterable-gallery-item-wrap {\n\t\t\t\t\t        width: 100%;\n\t\t\t\t\t    }\n\t\t\t\t\t}<\/style>        <div id=\"eael-filter-gallery-wrapper-83c09f9\" class=\"eael-filter-gallery-wrapper\" data-layout-mode=\"hoverer\" data-breakpoints=\"{&quot;mobile&quot;:{&quot;label&quot;:&quot;M\\u00f3vil vertical&quot;,&quot;value&quot;:767,&quot;default_value&quot;:767,&quot;direction&quot;:&quot;max&quot;,&quot;is_enabled&quot;:true},&quot;mobile_extra&quot;:{&quot;label&quot;:&quot;M\\u00f3vil horizontal&quot;,&quot;value&quot;:880,&quot;default_value&quot;:880,&quot;direction&quot;:&quot;max&quot;,&quot;is_enabled&quot;:false},&quot;tablet&quot;:{&quot;label&quot;:&quot;Tableta vertical&quot;,&quot;value&quot;:1024,&quot;default_value&quot;:1024,&quot;direction&quot;:&quot;max&quot;,&quot;is_enabled&quot;:true},&quot;tablet_extra&quot;:{&quot;label&quot;:&quot;Tableta horizontal&quot;,&quot;value&quot;:1200,&quot;default_value&quot;:1200,&quot;direction&quot;:&quot;max&quot;,&quot;is_enabled&quot;:false},&quot;laptop&quot;:{&quot;label&quot;:&quot;Port\\u00e1til&quot;,&quot;value&quot;:1366,&quot;default_value&quot;:1366,&quot;direction&quot;:&quot;max&quot;,&quot;is_enabled&quot;:false},&quot;widescreen&quot;:{&quot;label&quot;:&quot;Pantalla grande&quot;,&quot;value&quot;:2400,&quot;default_value&quot;:2400,&quot;direction&quot;:&quot;min&quot;,&quot;is_enabled&quot;:false}}\" data-default_control_key=\"0\" data-custom_default_control=\"\">\n                        <div class=\"eael-filter-gallery-control\">\n                <ul><li data-load-more-status=\"0\" data-first-init=\"1\" class=\"control all-control  active \" data-filter=\"*\">Todo<\/li><li  data-load-more-status=\"0\" data-first-init=\"0\"\n                        class=\"control \" data-filter=\".eael-cf-cr\u00f3nica-de-badajoz\">Cr\u00f3nica de Badajoz<\/li><\/ul>\n            <\/div>\n                    <div class=\"eael-filter-gallery-container eael-filter-gallery-grid\" data-images-per-page=\"\" data-total-gallery-items=\"1\" data-nomore-item-text=\"\" data-is-randomize=\"yes\" data-settings=\"{&quot;grid_style&quot;:&quot;grid&quot;,&quot;popup&quot;:&quot;buttons&quot;,&quot;duration&quot;:500,&quot;gallery_enabled&quot;:&quot;yes&quot;,&quot;video_gallery_yt_privacy&quot;:&quot;&quot;,&quot;control_all_text&quot;:&quot;Todo&quot;,&quot;mobile_scroll_to_top&quot;:&quot;&quot;,&quot;mobile_scroll_offset&quot;:0,&quot;post_id&quot;:865,&quot;widget_id&quot;:&quot;83c09f9&quot;}\" data-search-all=\"\" data-gallery-items=\"WyI8ZGl2IGNsYXNzPVwiZWFlbC1maWx0ZXJhYmxlLWdhbGxlcnktaXRlbS13cmFwIGVhZWwtY2YtY3JcdTAwZjNuaWNhLWRlLWJhZGFqb3pcIj5cblx0XHRcdFx0PGRpdiBjbGFzcz1cImVhZWwtZ2FsbGVyeS1ncmlkLWl0ZW1cIj48YSBocmVmPVwiaHR0cHM6XC9cL3d3dy5sYWNyb25pY2FiYWRham96LmNvbVwvYmFkYWpvelwvMjAyNlwvMDRcLzIwXC9jb3Jhem9uZXgtc29saWRhcmlvcy1pbXB1bHNhLWJhZGFqb3otcmVjb2dpZGEtMTI5MjkxNjE4Lmh0bWxcIj48ZGl2IGNsYXNzPVwiZ2FsbGVyeS1pdGVtLXRodW1ibmFpbC13cmFwXCI+PGltZyB3aWR0aD1cIjE2NlwiIGhlaWdodD1cIjMwMFwiIHNyYz1cImh0dHBzOlwvXC9jb3Jhem9uZXhzb2xpZGFyaW9zLmNvbVwvd3AtY29udGVudFwvdXBsb2Fkc1wvMjAyNlwvMDRcL0NhcHR1cmEtZGUtcGFudGFsbGEtMjAyNi0wNC0yMS1hLWxhcy0xMi4zMi4yMS0xNjZ4MzAwLnBuZ1wiIGNsYXNzPVwiYXR0YWNobWVudC1tZWRpdW0gc2l6ZS1tZWRpdW0gd3AtaW1hZ2UtMjU5NlwiIGFsdD1cIkNvcmF6b25leCBTb2xpZGFyaW9zIGltcHVsc2EgZW4gQmFkYWpveiB1bmEgcmVjb2dpZGEgcGVybWFuZW50ZSBkZSBhcnRcdTAwZWRjdWxvcyBkZSBiZWJcdTAwZTkgcGFyYSBmYW1pbGlhcyBjb24gZ3JhbmRlcyBuZWNlc2lkYWRlc1wiIHNyY3NldD1cImh0dHBzOlwvXC9jb3Jhem9uZXhzb2xpZGFyaW9zLmNvbVwvd3AtY29udGVudFwvdXBsb2Fkc1wvMjAyNlwvMDRcL0NhcHR1cmEtZGUtcGFudGFsbGEtMjAyNi0wNC0yMS1hLWxhcy0xMi4zMi4yMS0xNjZ4MzAwLnBuZyAxNjZ3LCBodHRwczpcL1wvY29yYXpvbmV4c29saWRhcmlvcy5jb21cL3dwLWNvbnRlbnRcL3VwbG9hZHNcLzIwMjZcLzA0XC9DYXB0dXJhLWRlLXBhbnRhbGxhLTIwMjYtMDQtMjEtYS1sYXMtMTIuMzIuMjEtNTY3eDEwMjQucG5nIDU2N3csIGh0dHBzOlwvXC9jb3Jhem9uZXhzb2xpZGFyaW9zLmNvbVwvd3AtY29udGVudFwvdXBsb2Fkc1wvMjAyNlwvMDRcL0NhcHR1cmEtZGUtcGFudGFsbGEtMjAyNi0wNC0yMS1hLWxhcy0xMi4zMi4yMS03Njh4MTM4Ni5wbmcgNzY4dywgaHR0cHM6XC9cL2NvcmF6b25leHNvbGlkYXJpb3MuY29tXC93cC1jb250ZW50XC91cGxvYWRzXC8yMDI2XC8wNFwvQ2FwdHVyYS1kZS1wYW50YWxsYS0yMDI2LTA0LTIxLWEtbGFzLTEyLjMyLjIxLTg1MXgxNTM2LnBuZyA4NTF3LCBodHRwczpcL1wvY29yYXpvbmV4c29saWRhcmlvcy5jb21cL3dwLWNvbnRlbnRcL3VwbG9hZHNcLzIwMjZcLzA0XC9DYXB0dXJhLWRlLXBhbnRhbGxhLTIwMjYtMDQtMjEtYS1sYXMtMTIuMzIuMjEtNjAweDEwODMucG5nIDYwMHcsIGh0dHBzOlwvXC9jb3Jhem9uZXhzb2xpZGFyaW9zLmNvbVwvd3AtY29udGVudFwvdXBsb2Fkc1wvMjAyNlwvMDRcL0NhcHR1cmEtZGUtcGFudGFsbGEtMjAyNi0wNC0yMS1hLWxhcy0xMi4zMi4yMS5wbmcgOTcyd1wiIHNpemVzPVwiKG1heC13aWR0aDogMTY2cHgpIDEwMHZ3LCAxNjZweFwiIFwvPjxcL2Rpdj48ZGl2IGNsYXNzPVwiZ2FsbGVyeS1pdGVtLWNhcHRpb24td3JhcCBjYXB0aW9uLXN0eWxlLWhvdmVyZXIgZWFlbC1zbGlkZS11cFwiPjxkaXYgY2xhc3M9XCJnYWxsZXJ5LWl0ZW0taG92ZXJlci1iZ1wiPjxcL2Rpdj48ZGl2IGNsYXNzPVwiZ2FsbGVyeS1pdGVtLWNhcHRpb24tb3ZlclwiPjxoMiBjbGFzcz1cImZnLWl0ZW0tdGl0bGVcIj5SZWNvZ2lkYSBwYXJhIGJlYlx1MDBlOXM8XC9oMj48ZGl2IGNsYXNzPVwiZmctaXRlbS1jb250ZW50XCI+PHA+Q29yYXpvbmV4IFNvbGlkYXJpb3MgaW1wdWxzYSBlbiBCYWRham96IHVuYSByZWNvZ2lkYSBwZXJtYW5lbnRlIGRlIGFydFx1MDBlZGN1bG9zIGRlIGJlYlx1MDBlOSBwYXJhIGZhbWlsaWFzIGNvbiBncmFuZGVzIG5lY2VzaWRhZGVzPFwvcD5cbjxcL2Rpdj48XC9kaXY+PFwvZGl2PjxcL2E+PFwvZGl2PjxcL2Rpdj4iXQ==\" data-init-show=\"8\">\n            <div class=\"eael-filterable-gallery-item-wrap eael-cf-cr\u00f3nica-de-badajoz\">\n\t\t\t\t<div class=\"eael-gallery-grid-item\"><a href=\"https:\/\/www.lacronicabadajoz.com\/badajoz\/2026\/04\/20\/corazonex-solidarios-impulsa-badajoz-recogida-129291618.html\"><div class=\"gallery-item-thumbnail-wrap\"><img decoding=\"async\" width=\"166\" height=\"300\" data-src=\"https:\/\/corazonexsolidarios.com\/wp-content\/uploads\/2026\/04\/Captura-de-pantalla-2026-04-21-a-las-12.32.21-166x300.png\" class=\"attachment-medium size-medium wp-image-2596 lazyload\" alt=\"Corazonex Solidarios impulsa en Badajoz una recogida permanente de art\u00edculos de beb\u00e9 para familias con grandes necesidades\" data-srcset=\"https:\/\/corazonexsolidarios.com\/wp-content\/uploads\/2026\/04\/Captura-de-pantalla-2026-04-21-a-las-12.32.21-166x300.png 166w, https:\/\/corazonexsolidarios.com\/wp-content\/uploads\/2026\/04\/Captura-de-pantalla-2026-04-21-a-las-12.32.21-567x1024.png 567w, https:\/\/corazonexsolidarios.com\/wp-content\/uploads\/2026\/04\/Captura-de-pantalla-2026-04-21-a-las-12.32.21-768x1386.png 768w, https:\/\/corazonexsolidarios.com\/wp-content\/uploads\/2026\/04\/Captura-de-pantalla-2026-04-21-a-las-12.32.21-851x1536.png 851w, https:\/\/corazonexsolidarios.com\/wp-content\/uploads\/2026\/04\/Captura-de-pantalla-2026-04-21-a-las-12.32.21-600x1083.png 600w, https:\/\/corazonexsolidarios.com\/wp-content\/uploads\/2026\/04\/Captura-de-pantalla-2026-04-21-a-las-12.32.21.png 972w\" data-sizes=\"(max-width: 166px) 100vw, 166px\" src=\"data:image\/svg+xml;base64,PHN2ZyB3aWR0aD0iMSIgaGVpZ2h0PSIxIiB4bWxucz0iaHR0cDovL3d3dy53My5vcmcvMjAwMC9zdmciPjwvc3ZnPg==\" style=\"--smush-placeholder-width: 166px; --smush-placeholder-aspect-ratio: 166\/300;\" \/><\/div><div class=\"gallery-item-caption-wrap caption-style-hoverer eael-slide-up\"><div class=\"gallery-item-hoverer-bg\"><\/div><div class=\"gallery-item-caption-over\"><h2 class=\"fg-item-title\">Recogida para beb\u00e9s<\/h2><div class=\"fg-item-content\"><p>Corazonex Solidarios impulsa en Badajoz una recogida permanente de art\u00edculos de beb\u00e9 para familias con grandes necesidades<\/p>\n<\/div><\/div><\/div><\/a><\/div><\/div>        <\/div>\n                <\/div>\n        \n        \t\t\t\t<\/div>\n\t\t\t\t<\/div>\n\t\t\t\t\t<\/div>\n\t\t\t\t<\/div>\n\t\t\t\t<\/div>\n\t\t","protected":false},"excerpt":{"rendered":"<p>Te contamos nuestras \u00faltimas actividades&#8230; Recogida permanente de art\u00edculos de beb\u00e9 en Badajoz: ayuda a quienes m\u00e1s lo necesitan Hay beb\u00e9s que llegan al mundo sin una cuna donde&#8230; Leer m\u00e1s 700 alumnos de Badajoz corren juntos en su X carrera solidaria para apoyar a CorazonEx Solidarios El pasado 17 de abril, el barrio de San Roque&#8230; Leer m\u00e1s CorazonEx Solidarios en una noche dedicada al tercer sector en Extremadura: gracias al Diario HOY por invitarnos El pasado 3 de marzo asistimos en Badajoz a una&#8230; Leer m\u00e1s Inauguraci\u00f3n de la Escuela de F\u00fatbol de la Fundaci\u00f3n Atl\u00e9tico de Madrid en Badajoz El 23 de febrero de 2026, a las 17:00h, en&#8230; Leer m\u00e1s II Encuentro de Empresas con Coraz\u00f3n Solidario El pasado 10 de junio vivimos una noche m\u00e1gica en&#8230; Leer m\u00e1s Campamento solidario en Salorino (2025) con Fundaci\u00f3n \u201cla Caixa\u201d: piscina, cine de verano y crucero por el Tajo El 14 de junio de 2025 organizamos un campamento solidario&#8230; Leer m\u00e1s Clausura de la temporada 2024-2025 de la Escuela de F\u00fatbol de la Fundaci\u00f3n Atl\u00e9tico de Madrid en Badajoz El pasado 4 de junio de 2025 tuvo lugar, en&#8230; Leer m\u00e1s Encuentro por una causa solidaria en C\u00e1ceres El pasado 1 y 2 de marzo, la localidad cacere\u00f1a&#8230; Leer m\u00e1s Fundaci\u00f3n La Caixa dona 4.000 \u20ac para patrocinar el campamento de 2025. El pasado jueves 27 de febrero, Fundaci\u00f3n La Caixa realiz\u00f3&#8230; Leer m\u00e1s Ganadores del premio en el programa \u2018Suma tu Energ\u00eda\u2019 de FEN\u00cdE ENERG\u00cdA. El pasado 24 de febrero, Aspremetal, a trav\u00e9s de su&#8230; Leer m\u00e1s I Cena de Gala Solidaria Woman On The Go, C\u00e1ceres Tuvimos el placer de disfrutar de una noche m\u00e1gica en&#8230; Leer m\u00e1s Decora tu hogar con CorazonEx Solidarios \u00a1Hola, familia de CorazonEx! En estas fechas tan especiales, queremos&#8230; Leer m\u00e1s Comienza la nueva temporada de la Escuela de F\u00fatbol en Badajoz de CorazonEx Solidarios\u00a0 \u00a1Hola familia de CorazonEx!\u00a0\u00a1Arranca la nueva temporada de la Escuela&#8230; Leer m\u00e1s CorazonEx colabora con el II Trofeo Ben\u00e9fico AD Hispanolusa para que ning\u00fan ni\u00f1o se quede sin juguete estas navidades \u00a1Hola familia de CorazonEx! Os traemos una buen\u00edsima noticia y&#8230; Leer m\u00e1s CorazonEx participa en la recogida de juguetes solidarios con Kid&amp;Us Badajoz Un a\u00f1o m\u00e1s, en CorazonEx Solidarios de Extremadura participamos en&#8230; Leer m\u00e1s CorazonEx Solidarios recibe una donaci\u00f3n de 500 euros En CorazonEx Solidarios de Extremadura hemos recibido una generosa donaci\u00f3n&#8230; Leer m\u00e1s CorazonEx Solidarios de Extremadura hace realidad el sue\u00f1o del Club Deportivo Grupo Joven En CorazonEx Solidarios de Extremadura hemos dado un importante paso&#8230; Leer m\u00e1s CorazonEx Solidarios: por los kil\u00f3metros que recorrer\u00e1 Hugo El nuevo proyecto solidario de CorazonEx Solidarios de Extremadura ya&#8230; Leer m\u00e1s CorazonEx Solidarios: Honrando a un hombre extraordinario en la barriada de Suerte de Saavedra Cuando recibimos la invitaci\u00f3n para asistir a este emotivo acto,&#8230; Leer m\u00e1s CorazonEx Solidarios en Cocemfe con motivo del D\u00eda Europeo de la M\u00fasica CorazonEx Solidarios apoya la actividad cultural en Cocemfe con motivo&#8230; Leer m\u00e1s CorazonEx Solidarios en el Documental \u00abDEATH CAF\u00c9: la m\u00fasica de tu Vida\u00bb Nuestro vicepresidente, Pedro Monty, tuvo el privilegio de presenciar de&#8230; Leer m\u00e1s Gala Solidaria \u00abDibuja UNA Sonrisa\u00bb en Los Navalmorales, Toledo CorazonEx Solidarios de Extremadura tuvo el honor de estar presente&#8230; Leer m\u00e1s Clausura de temporada de la Escuela de F\u00fatbol Fundaci\u00f3n del Atl\u00e9tico de Madrid en Badajoz CorazonEx Solidarios y la Escuela de la Fundaci\u00f3n Atl\u00e9tico de&#8230; Leer m\u00e1s Con los ni\u00f1os en el coraz\u00f3n Nace la Asociaci\u00f3n CorazonEx Solidarios, apadrinada por la cantante Nuria&#8230; Leer m\u00e1s Aparici\u00f3n en medios Todo Cr\u00f3nica de Badajoz Recogida para beb\u00e9s Corazonex Solidarios impulsa en Badajoz una recogida permanente de art\u00edculos de beb\u00e9 para familias con grandes necesidades<\/p>\n","protected":false},"author":1,"featured_media":0,"parent":0,"menu_order":0,"comment_status":"closed","ping_status":"closed","template":"elementor_canvas","meta":{"footnotes":""},"class_list":["post-865","page","type-page","status-publish","hentry"],"yoast_head":"<!-- This site is optimized with the Yoast SEO plugin v27.5 - https:\/\/yoast.com\/product\/yoast-seo-wordpress\/ -->\n<title>Actividades - Corazonex Solidarios<\/title>\n<meta name=\"robots\" content=\"index, follow, max-snippet:-1, max-image-preview:large, max-video-preview:-1\" \/>\n<link rel=\"canonical\" href=\"https:\/\/corazonexsolidarios.com\/index.php\/actividades\/\" \/>\n<meta property=\"og:locale\" content=\"es_ES\" \/>\n<meta property=\"og:type\" content=\"article\" \/>\n<meta property=\"og:title\" content=\"Actividades - Corazonex Solidarios\" \/>\n<meta property=\"og:description\" content=\"Te contamos nuestras \u00faltimas actividades&#8230; Recogida permanente de art\u00edculos de beb\u00e9 en Badajoz: ayuda a quienes m\u00e1s lo necesitan Hay beb\u00e9s que llegan al mundo sin una cuna donde&#8230; Leer m\u00e1s 700 alumnos de Badajoz corren juntos en su X carrera solidaria para apoyar a CorazonEx Solidarios El pasado 17 de abril, el barrio de San Roque&#8230; Leer m\u00e1s CorazonEx Solidarios en una noche dedicada al tercer sector en Extremadura: gracias al Diario HOY por invitarnos El pasado 3 de marzo asistimos en Badajoz a una&#8230; Leer m\u00e1s Inauguraci\u00f3n de la Escuela de F\u00fatbol de la Fundaci\u00f3n Atl\u00e9tico de Madrid en Badajoz El 23 de febrero de 2026, a las 17:00h, en&#8230; Leer m\u00e1s II Encuentro de Empresas con Coraz\u00f3n Solidario El pasado 10 de junio vivimos una noche m\u00e1gica en&#8230; Leer m\u00e1s Campamento solidario en Salorino (2025) con Fundaci\u00f3n \u201cla Caixa\u201d: piscina, cine de verano y crucero por el Tajo El 14 de junio de 2025 organizamos un campamento solidario&#8230; Leer m\u00e1s Clausura de la temporada 2024-2025 de la Escuela de F\u00fatbol de la Fundaci\u00f3n Atl\u00e9tico de Madrid en Badajoz El pasado 4 de junio de 2025 tuvo lugar, en&#8230; Leer m\u00e1s Encuentro por una causa solidaria en C\u00e1ceres El pasado 1 y 2 de marzo, la localidad cacere\u00f1a&#8230; Leer m\u00e1s Fundaci\u00f3n La Caixa dona 4.000 \u20ac para patrocinar el campamento de 2025. El pasado jueves 27 de febrero, Fundaci\u00f3n La Caixa realiz\u00f3&#8230; Leer m\u00e1s Ganadores del premio en el programa \u2018Suma tu Energ\u00eda\u2019 de FEN\u00cdE ENERG\u00cdA. El pasado 24 de febrero, Aspremetal, a trav\u00e9s de su&#8230; Leer m\u00e1s I Cena de Gala Solidaria Woman On The Go, C\u00e1ceres Tuvimos el placer de disfrutar de una noche m\u00e1gica en&#8230; Leer m\u00e1s Decora tu hogar con CorazonEx Solidarios \u00a1Hola, familia de CorazonEx! En estas fechas tan especiales, queremos&#8230; Leer m\u00e1s Comienza la nueva temporada de la Escuela de F\u00fatbol en Badajoz de CorazonEx Solidarios\u00a0 \u00a1Hola familia de CorazonEx!\u00a0\u00a1Arranca la nueva temporada de la Escuela&#8230; Leer m\u00e1s CorazonEx colabora con el II Trofeo Ben\u00e9fico AD Hispanolusa para que ning\u00fan ni\u00f1o se quede sin juguete estas navidades \u00a1Hola familia de CorazonEx! Os traemos una buen\u00edsima noticia y&#8230; Leer m\u00e1s CorazonEx participa en la recogida de juguetes solidarios con Kid&amp;Us Badajoz Un a\u00f1o m\u00e1s, en CorazonEx Solidarios de Extremadura participamos en&#8230; Leer m\u00e1s CorazonEx Solidarios recibe una donaci\u00f3n de 500 euros En CorazonEx Solidarios de Extremadura hemos recibido una generosa donaci\u00f3n&#8230; Leer m\u00e1s CorazonEx Solidarios de Extremadura hace realidad el sue\u00f1o del Club Deportivo Grupo Joven En CorazonEx Solidarios de Extremadura hemos dado un importante paso&#8230; Leer m\u00e1s CorazonEx Solidarios: por los kil\u00f3metros que recorrer\u00e1 Hugo El nuevo proyecto solidario de CorazonEx Solidarios de Extremadura ya&#8230; Leer m\u00e1s CorazonEx Solidarios: Honrando a un hombre extraordinario en la barriada de Suerte de Saavedra Cuando recibimos la invitaci\u00f3n para asistir a este emotivo acto,&#8230; Leer m\u00e1s CorazonEx Solidarios en Cocemfe con motivo del D\u00eda Europeo de la M\u00fasica CorazonEx Solidarios apoya la actividad cultural en Cocemfe con motivo&#8230; Leer m\u00e1s CorazonEx Solidarios en el Documental \u00abDEATH CAF\u00c9: la m\u00fasica de tu Vida\u00bb Nuestro vicepresidente, Pedro Monty, tuvo el privilegio de presenciar de&#8230; Leer m\u00e1s Gala Solidaria \u00abDibuja UNA Sonrisa\u00bb en Los Navalmorales, Toledo CorazonEx Solidarios de Extremadura tuvo el honor de estar presente&#8230; Leer m\u00e1s Clausura de temporada de la Escuela de F\u00fatbol Fundaci\u00f3n del Atl\u00e9tico de Madrid en Badajoz CorazonEx Solidarios y la Escuela de la Fundaci\u00f3n Atl\u00e9tico de&#8230; Leer m\u00e1s Con los ni\u00f1os en el coraz\u00f3n Nace la Asociaci\u00f3n CorazonEx Solidarios, apadrinada por la cantante Nuria&#8230; Leer m\u00e1s Aparici\u00f3n en medios Todo Cr\u00f3nica de Badajoz Recogida para beb\u00e9s Corazonex Solidarios impulsa en Badajoz una recogida permanente de art\u00edculos de beb\u00e9 para familias con grandes necesidades\" \/>\n<meta property=\"og:url\" content=\"https:\/\/corazonexsolidarios.com\/index.php\/actividades\/\" \/>\n<meta property=\"og:site_name\" content=\"Corazonex Solidarios\" \/>\n<meta property=\"article:publisher\" content=\"https:\/\/www.facebook.com\/Corazonexsolidarios\" \/>\n<meta property=\"article:modified_time\" content=\"2026-04-21T13:40:55+00:00\" \/>\n<meta property=\"og:image\" content=\"https:\/\/corazonexsolidarios.com\/wp-content\/uploads\/2026\/04\/Sin-titulo-3.jpg\" \/>\n\t<meta property=\"og:image:width\" content=\"800\" \/>\n\t<meta property=\"og:image:height\" content=\"400\" \/>\n\t<meta property=\"og:image:type\" content=\"image\/jpeg\" \/>\n<meta name=\"twitter:card\" content=\"summary_large_image\" \/>\n<meta name=\"twitter:label1\" content=\"Tiempo de lectura\" \/>\n\t<meta name=\"twitter:data1\" content=\"8 minutos\" \/>\n<script type=\"application\/ld+json\" class=\"yoast-schema-graph\">{\"@context\":\"https:\\\/\\\/schema.org\",\"@graph\":[{\"@type\":\"WebPage\",\"@id\":\"https:\\\/\\\/corazonexsolidarios.com\\\/index.php\\\/actividades\\\/\",\"url\":\"https:\\\/\\\/corazonexsolidarios.com\\\/index.php\\\/actividades\\\/\",\"name\":\"Actividades - Corazonex Solidarios\",\"isPartOf\":{\"@id\":\"https:\\\/\\\/corazonexsolidarios.com\\\/#website\"},\"primaryImageOfPage\":{\"@id\":\"https:\\\/\\\/corazonexsolidarios.com\\\/index.php\\\/actividades\\\/#primaryimage\"},\"image\":{\"@id\":\"https:\\\/\\\/corazonexsolidarios.com\\\/index.php\\\/actividades\\\/#primaryimage\"},\"thumbnailUrl\":\"http:\\\/\\\/corazonexsolidarios.com\\\/wp-content\\\/uploads\\\/2026\\\/04\\\/Sin-titulo-3.jpg\",\"datePublished\":\"2022-05-10T07:48:52+00:00\",\"dateModified\":\"2026-04-21T13:40:55+00:00\",\"breadcrumb\":{\"@id\":\"https:\\\/\\\/corazonexsolidarios.com\\\/index.php\\\/actividades\\\/#breadcrumb\"},\"inLanguage\":\"es\",\"potentialAction\":[{\"@type\":\"ReadAction\",\"target\":[\"https:\\\/\\\/corazonexsolidarios.com\\\/index.php\\\/actividades\\\/\"]}]},{\"@type\":\"ImageObject\",\"inLanguage\":\"es\",\"@id\":\"https:\\\/\\\/corazonexsolidarios.com\\\/index.php\\\/actividades\\\/#primaryimage\",\"url\":\"https:\\\/\\\/corazonexsolidarios.com\\\/wp-content\\\/uploads\\\/2026\\\/04\\\/Sin-titulo-3.jpg\",\"contentUrl\":\"https:\\\/\\\/corazonexsolidarios.com\\\/wp-content\\\/uploads\\\/2026\\\/04\\\/Sin-titulo-3.jpg\",\"width\":800,\"height\":400},{\"@type\":\"BreadcrumbList\",\"@id\":\"https:\\\/\\\/corazonexsolidarios.com\\\/index.php\\\/actividades\\\/#breadcrumb\",\"itemListElement\":[{\"@type\":\"ListItem\",\"position\":1,\"name\":\"Portada\",\"item\":\"https:\\\/\\\/corazonexsolidarios.com\\\/\"},{\"@type\":\"ListItem\",\"position\":2,\"name\":\"Actividades\"}]},{\"@type\":\"WebSite\",\"@id\":\"https:\\\/\\\/corazonexsolidarios.com\\\/#website\",\"url\":\"https:\\\/\\\/corazonexsolidarios.com\\\/\",\"name\":\"Corazonex Solidarios\",\"description\":\"Ning\u00fan ni\u00f1o sin ilusi\u00f3n\",\"publisher\":{\"@id\":\"https:\\\/\\\/corazonexsolidarios.com\\\/#organization\"},\"potentialAction\":[{\"@type\":\"SearchAction\",\"target\":{\"@type\":\"EntryPoint\",\"urlTemplate\":\"https:\\\/\\\/corazonexsolidarios.com\\\/?s={search_term_string}\"},\"query-input\":{\"@type\":\"PropertyValueSpecification\",\"valueRequired\":true,\"valueName\":\"search_term_string\"}}],\"inLanguage\":\"es\"},{\"@type\":\"Organization\",\"@id\":\"https:\\\/\\\/corazonexsolidarios.com\\\/#organization\",\"name\":\"Corazonex Solidarios\",\"url\":\"https:\\\/\\\/corazonexsolidarios.com\\\/\",\"logo\":{\"@type\":\"ImageObject\",\"inLanguage\":\"es\",\"@id\":\"https:\\\/\\\/corazonexsolidarios.com\\\/#\\\/schema\\\/logo\\\/image\\\/\",\"url\":\"https:\\\/\\\/corazonexsolidarios.com\\\/wp-content\\\/uploads\\\/2023\\\/10\\\/cropped-cropped-LogoCorazonex.png\",\"contentUrl\":\"https:\\\/\\\/corazonexsolidarios.com\\\/wp-content\\\/uploads\\\/2023\\\/10\\\/cropped-cropped-LogoCorazonex.png\",\"width\":706,\"height\":272,\"caption\":\"Corazonex Solidarios\"},\"image\":{\"@id\":\"https:\\\/\\\/corazonexsolidarios.com\\\/#\\\/schema\\\/logo\\\/image\\\/\"},\"sameAs\":[\"https:\\\/\\\/www.facebook.com\\\/Corazonexsolidarios\",\"https:\\\/\\\/www.instagram.com\\\/corazonexsolidarios\\\/\"]}]}<\/script>\n<!-- \/ Yoast SEO plugin. -->","yoast_head_json":{"title":"Actividades - Corazonex Solidarios","robots":{"index":"index","follow":"follow","max-snippet":"max-snippet:-1","max-image-preview":"max-image-preview:large","max-video-preview":"max-video-preview:-1"},"canonical":"https:\/\/corazonexsolidarios.com\/index.php\/actividades\/","og_locale":"es_ES","og_type":"article","og_title":"Actividades - Corazonex Solidarios","og_description":"Te contamos nuestras \u00faltimas actividades&#8230; Recogida permanente de art\u00edculos de beb\u00e9 en Badajoz: ayuda a quienes m\u00e1s lo necesitan Hay beb\u00e9s que llegan al mundo sin una cuna donde&#8230; Leer m\u00e1s 700 alumnos de Badajoz corren juntos en su X carrera solidaria para apoyar a CorazonEx Solidarios El pasado 17 de abril, el barrio de San Roque&#8230; Leer m\u00e1s CorazonEx Solidarios en una noche dedicada al tercer sector en Extremadura: gracias al Diario HOY por invitarnos El pasado 3 de marzo asistimos en Badajoz a una&#8230; Leer m\u00e1s Inauguraci\u00f3n de la Escuela de F\u00fatbol de la Fundaci\u00f3n Atl\u00e9tico de Madrid en Badajoz El 23 de febrero de 2026, a las 17:00h, en&#8230; Leer m\u00e1s II Encuentro de Empresas con Coraz\u00f3n Solidario El pasado 10 de junio vivimos una noche m\u00e1gica en&#8230; Leer m\u00e1s Campamento solidario en Salorino (2025) con Fundaci\u00f3n \u201cla Caixa\u201d: piscina, cine de verano y crucero por el Tajo El 14 de junio de 2025 organizamos un campamento solidario&#8230; Leer m\u00e1s Clausura de la temporada 2024-2025 de la Escuela de F\u00fatbol de la Fundaci\u00f3n Atl\u00e9tico de Madrid en Badajoz El pasado 4 de junio de 2025 tuvo lugar, en&#8230; Leer m\u00e1s Encuentro por una causa solidaria en C\u00e1ceres El pasado 1 y 2 de marzo, la localidad cacere\u00f1a&#8230; Leer m\u00e1s Fundaci\u00f3n La Caixa dona 4.000 \u20ac para patrocinar el campamento de 2025. El pasado jueves 27 de febrero, Fundaci\u00f3n La Caixa realiz\u00f3&#8230; Leer m\u00e1s Ganadores del premio en el programa \u2018Suma tu Energ\u00eda\u2019 de FEN\u00cdE ENERG\u00cdA. El pasado 24 de febrero, Aspremetal, a trav\u00e9s de su&#8230; Leer m\u00e1s I Cena de Gala Solidaria Woman On The Go, C\u00e1ceres Tuvimos el placer de disfrutar de una noche m\u00e1gica en&#8230; Leer m\u00e1s Decora tu hogar con CorazonEx Solidarios \u00a1Hola, familia de CorazonEx! En estas fechas tan especiales, queremos&#8230; Leer m\u00e1s Comienza la nueva temporada de la Escuela de F\u00fatbol en Badajoz de CorazonEx Solidarios\u00a0 \u00a1Hola familia de CorazonEx!\u00a0\u00a1Arranca la nueva temporada de la Escuela&#8230; Leer m\u00e1s CorazonEx colabora con el II Trofeo Ben\u00e9fico AD Hispanolusa para que ning\u00fan ni\u00f1o se quede sin juguete estas navidades \u00a1Hola familia de CorazonEx! Os traemos una buen\u00edsima noticia y&#8230; Leer m\u00e1s CorazonEx participa en la recogida de juguetes solidarios con Kid&amp;Us Badajoz Un a\u00f1o m\u00e1s, en CorazonEx Solidarios de Extremadura participamos en&#8230; Leer m\u00e1s CorazonEx Solidarios recibe una donaci\u00f3n de 500 euros En CorazonEx Solidarios de Extremadura hemos recibido una generosa donaci\u00f3n&#8230; Leer m\u00e1s CorazonEx Solidarios de Extremadura hace realidad el sue\u00f1o del Club Deportivo Grupo Joven En CorazonEx Solidarios de Extremadura hemos dado un importante paso&#8230; Leer m\u00e1s CorazonEx Solidarios: por los kil\u00f3metros que recorrer\u00e1 Hugo El nuevo proyecto solidario de CorazonEx Solidarios de Extremadura ya&#8230; Leer m\u00e1s CorazonEx Solidarios: Honrando a un hombre extraordinario en la barriada de Suerte de Saavedra Cuando recibimos la invitaci\u00f3n para asistir a este emotivo acto,&#8230; Leer m\u00e1s CorazonEx Solidarios en Cocemfe con motivo del D\u00eda Europeo de la M\u00fasica CorazonEx Solidarios apoya la actividad cultural en Cocemfe con motivo&#8230; Leer m\u00e1s CorazonEx Solidarios en el Documental \u00abDEATH CAF\u00c9: la m\u00fasica de tu Vida\u00bb Nuestro vicepresidente, Pedro Monty, tuvo el privilegio de presenciar de&#8230; Leer m\u00e1s Gala Solidaria \u00abDibuja UNA Sonrisa\u00bb en Los Navalmorales, Toledo CorazonEx Solidarios de Extremadura tuvo el honor de estar presente&#8230; Leer m\u00e1s Clausura de temporada de la Escuela de F\u00fatbol Fundaci\u00f3n del Atl\u00e9tico de Madrid en Badajoz CorazonEx Solidarios y la Escuela de la Fundaci\u00f3n Atl\u00e9tico de&#8230; Leer m\u00e1s Con los ni\u00f1os en el coraz\u00f3n Nace la Asociaci\u00f3n CorazonEx Solidarios, apadrinada por la cantante Nuria&#8230; Leer m\u00e1s Aparici\u00f3n en medios Todo Cr\u00f3nica de Badajoz Recogida para beb\u00e9s Corazonex Solidarios impulsa en Badajoz una recogida permanente de art\u00edculos de beb\u00e9 para familias con grandes necesidades","og_url":"https:\/\/corazonexsolidarios.com\/index.php\/actividades\/","og_site_name":"Corazonex Solidarios","article_publisher":"https:\/\/www.facebook.com\/Corazonexsolidarios","article_modified_time":"2026-04-21T13:40:55+00:00","og_image":[{"width":800,"height":400,"url":"https:\/\/corazonexsolidarios.com\/wp-content\/uploads\/2026\/04\/Sin-titulo-3.jpg","type":"image\/jpeg"}],"twitter_card":"summary_large_image","twitter_misc":{"Tiempo de lectura":"8 minutos"},"schema":{"@context":"https:\/\/schema.org","@graph":[{"@type":"WebPage","@id":"https:\/\/corazonexsolidarios.com\/index.php\/actividades\/","url":"https:\/\/corazonexsolidarios.com\/index.php\/actividades\/","name":"Actividades - Corazonex Solidarios","isPartOf":{"@id":"https:\/\/corazonexsolidarios.com\/#website"},"primaryImageOfPage":{"@id":"https:\/\/corazonexsolidarios.com\/index.php\/actividades\/#primaryimage"},"image":{"@id":"https:\/\/corazonexsolidarios.com\/index.php\/actividades\/#primaryimage"},"thumbnailUrl":"http:\/\/corazonexsolidarios.com\/wp-content\/uploads\/2026\/04\/Sin-titulo-3.jpg","datePublished":"2022-05-10T07:48:52+00:00","dateModified":"2026-04-21T13:40:55+00:00","breadcrumb":{"@id":"https:\/\/corazonexsolidarios.com\/index.php\/actividades\/#breadcrumb"},"inLanguage":"es","potentialAction":[{"@type":"ReadAction","target":["https:\/\/corazonexsolidarios.com\/index.php\/actividades\/"]}]},{"@type":"ImageObject","inLanguage":"es","@id":"https:\/\/corazonexsolidarios.com\/index.php\/actividades\/#primaryimage","url":"https:\/\/corazonexsolidarios.com\/wp-content\/uploads\/2026\/04\/Sin-titulo-3.jpg","contentUrl":"https:\/\/corazonexsolidarios.com\/wp-content\/uploads\/2026\/04\/Sin-titulo-3.jpg","width":800,"height":400},{"@type":"BreadcrumbList","@id":"https:\/\/corazonexsolidarios.com\/index.php\/actividades\/#breadcrumb","itemListElement":[{"@type":"ListItem","position":1,"name":"Portada","item":"https:\/\/corazonexsolidarios.com\/"},{"@type":"ListItem","position":2,"name":"Actividades"}]},{"@type":"WebSite","@id":"https:\/\/corazonexsolidarios.com\/#website","url":"https:\/\/corazonexsolidarios.com\/","name":"Corazonex Solidarios","description":"Ning\u00fan ni\u00f1o sin ilusi\u00f3n","publisher":{"@id":"https:\/\/corazonexsolidarios.com\/#organization"},"potentialAction":[{"@type":"SearchAction","target":{"@type":"EntryPoint","urlTemplate":"https:\/\/corazonexsolidarios.com\/?s={search_term_string}"},"query-input":{"@type":"PropertyValueSpecification","valueRequired":true,"valueName":"search_term_string"}}],"inLanguage":"es"},{"@type":"Organization","@id":"https:\/\/corazonexsolidarios.com\/#organization","name":"Corazonex Solidarios","url":"https:\/\/corazonexsolidarios.com\/","logo":{"@type":"ImageObject","inLanguage":"es","@id":"https:\/\/corazonexsolidarios.com\/#\/schema\/logo\/image\/","url":"https:\/\/corazonexsolidarios.com\/wp-content\/uploads\/2023\/10\/cropped-cropped-LogoCorazonex.png","contentUrl":"https:\/\/corazonexsolidarios.com\/wp-content\/uploads\/2023\/10\/cropped-cropped-LogoCorazonex.png","width":706,"height":272,"caption":"Corazonex Solidarios"},"image":{"@id":"https:\/\/corazonexsolidarios.com\/#\/schema\/logo\/image\/"},"sameAs":["https:\/\/www.facebook.com\/Corazonexsolidarios","https:\/\/www.instagram.com\/corazonexsolidarios\/"]}]}},"_links":{"self":[{"href":"https:\/\/corazonexsolidarios.com\/index.php\/wp-json\/wp\/v2\/pages\/865","targetHints":{"allow":["GET"]}}],"collection":[{"href":"https:\/\/corazonexsolidarios.com\/index.php\/wp-json\/wp\/v2\/pages"}],"about":[{"href":"https:\/\/corazonexsolidarios.com\/index.php\/wp-json\/wp\/v2\/types\/page"}],"author":[{"embeddable":true,"href":"https:\/\/corazonexsolidarios.com\/index.php\/wp-json\/wp\/v2\/users\/1"}],"replies":[{"embeddable":true,"href":"https:\/\/corazonexsolidarios.com\/index.php\/wp-json\/wp\/v2\/comments?post=865"}],"version-history":[{"count":22,"href":"https:\/\/corazonexsolidarios.com\/index.php\/wp-json\/wp\/v2\/pages\/865\/revisions"}],"predecessor-version":[{"id":2617,"href":"https:\/\/corazonexsolidarios.com\/index.php\/wp-json\/wp\/v2\/pages\/865\/revisions\/2617"}],"wp:attachment":[{"href":"https:\/\/corazonexsolidarios.com\/index.php\/wp-json\/wp\/v2\/media?parent=865"}],"curies":[{"name":"wp","href":"https:\/\/api.w.org\/{rel}","templated":true}]}}